

{"id":11061,"date":"2023-10-16T09:31:12","date_gmt":"2023-10-16T07:31:12","guid":{"rendered":"http:\/\/fapacastello.com\/?post_type=event_listing&#038;p=11061\/"},"modified":"2023-10-16T09:37:21","modified_gmt":"2023-10-16T07:37:21","slug":"assemblea-fampa-castello-penyagolosa","status":"publish","type":"event_listing","link":"http:\/\/fapacastello.com\/es\/event\/assemblea-fampa-castello-penyagolosa\/","title":{"rendered":"Asamblea FAMPA Castell\u00f3 Penyagolosa"},"content":{"rendered":"\n<p>El 28 de octubre se convoca a todas nuestras AMPA a participar en la Asamblea Extraordinaria que se celebrar\u00e1 en la Sede de la federaci\u00f3n (<a href=\"https:\/\/maps.app.goo.gl\/23rsFRi2v5dG1Zwx5\" target=\"_blank\" rel=\"noreferrer noopener\">calle del Maestro Caballero, 2, 12004, Castell\u00f3 de la Plana<\/a>) a primera convocatoria a las 9:30 h y a segunda a las 10 h, que ser\u00e1 cuando empiezo la asamblea.<\/p>\n\n\n\n<p>Orden del d\u00eda:<\/p>\n\n\n\n<ul><li>Lectura y aprobaci\u00f3n del acta anterior.<\/li><li>Propuesta de regularizaci\u00f3n de la cuota anual de las AMPA asociadas a la FAMPA.<\/li><\/ul>\n\n\n\n<figure class=\"wp-block-image size-large\"><img loading=\"lazy\" width=\"819\" height=\"1024\" src=\"http:\/\/fapacastello.com\/wp-content\/uploads\/2023\/10\/2-2-819x1024.jpg\" alt=\"\" class=\"wp-image-11066\" srcset=\"http:\/\/fapacastello.com\/wp-content\/uploads\/2023\/10\/2-2-819x1024.jpg 819w, http:\/\/fapacastello.com\/wp-content\/uploads\/2023\/10\/2-2-240x300.jpg 240w, http:\/\/fapacastello.com\/wp-content\/uploads\/2023\/10\/2-2-768x960.jpg 768w, http:\/\/fapacastello.com\/wp-content\/uploads\/2023\/10\/2-2-117x146.jpg 117w, http:\/\/fapacastello.com\/wp-content\/uploads\/2023\/10\/2-2-40x50.jpg 40w, http:\/\/fapacastello.com\/wp-content\/uploads\/2023\/10\/2-2-60x75.jpg 60w, http:\/\/fapacastello.com\/wp-content\/uploads\/2023\/10\/2-2.jpg 1080w\" sizes=\"(max-width: 819px) 100vw, 819px\" \/><\/figure>\n\n\n\n<p><strong>\u00a1MUY IMPORTANTE!<\/strong><\/p>\n\n\n\n<p>A continuaci\u00f3n dejamos la hoja de inscripci\u00f3n a la Asamblea que, para asistir, ha de presentarse rellenada con 48 horas de antelaci\u00f3n, obligatoriamente. Se puede dejar en la Sede de la FAMPA o enviar por correo electr\u00f3nico a info@fampacastello.org.<\/p>\n\n\n\n<div class=\"wp-block-file\"><object class=\"wp-block-file__embed\" data=\"http:\/\/fapacastello.com\/wp-content\/uploads\/2023\/10\/FULL-DINSCRIPCIO\u0301-A-LASSEMBLEA-2023-CAS-VAL-3.pdf\" type=\"application\/pdf\" style=\"width:100%;height:600px\" aria-label=\"Incrustado de FULL INSCRIPCIO\u0301 ASSEMBLEA.\"><\/object><a id=\"wp-block-file--media-13841c43-409a-4b28-977d-687dbe4c8021\" href=\"http:\/\/fapacastello.com\/wp-content\/uploads\/2023\/10\/FULL-DINSCRIPCIO\u0301-A-LASSEMBLEA-2023-CAS-VAL-3.pdf\">FULL INSCRIPCIO\u0301 ASSEMBLEA<\/a><a href=\"http:\/\/fapacastello.com\/wp-content\/uploads\/2023\/10\/FULL-DINSCRIPCIO\u0301-A-LASSEMBLEA-2023-CAS-VAL-3.pdf\" class=\"wp-block-file__button\" download aria-describedby=\"wp-block-file--media-13841c43-409a-4b28-977d-687dbe4c8021\">Descarga<\/a><\/div>\n\n\n\n<p>Aprovechando que la Sede ha sido remodelada, aparte de animaros a participar en la asamblea, tambi\u00e9n queremos invitaros a una jornada de puertas abiertas el mismo d\u00eda de 11 h a 13 h. Podr\u00e9is disfrutar de un aperitivo.<\/p>\n\n\n\n<p>Si ten\u00e9is cualquier duda, pod\u00e9is consultar a info@fampacastello.org o al 656841415.<\/p>\n","protected":false},"featured_media":11048,"template":"","meta":[],"event_listing_category":[],"event_listing_type":[],"yoast_head":"<!-- This site is optimized with the Yoast SEO plugin v19.2 - https:\/\/yoast.com\/wordpress\/plugins\/seo\/ -->\n<title>Asamblea FAMPA Castell\u00f3 Penyagolosa<\/title>\n<meta name=\"description\" content=\"El 28 d\u2019octubre es convoca a totes les nostres AMPA a participar en l\u2019Assemblea Extraordin\u00e0ria que se celebrar\u00e0 en la Seu de la federaci\u00f3.\" \/>\n<meta name=\"robots\" content=\"index, follow, max-snippet:-1, max-image-preview:large, max-video-preview:-1\" \/>\n<link rel=\"canonical\" href=\"http:\/\/fapacastello.com\/es\/event\/assemblea-fampa-castello-penyagolosa\/\" \/>\n<meta property=\"og:locale\" content=\"es_ES\" \/>\n<meta property=\"og:type\" content=\"article\" \/>\n<meta property=\"og:title\" content=\"Asamblea FAMPA Castell\u00f3 Penyagolosa\" \/>\n<meta property=\"og:description\" content=\"El 28 d\u2019octubre es convoca a totes les nostres AMPA a participar en l\u2019Assemblea Extraordin\u00e0ria que se celebrar\u00e0 en la Seu de la federaci\u00f3.\" \/>\n<meta property=\"og:url\" content=\"http:\/\/fapacastello.com\/es\/event\/assemblea-fampa-castello-penyagolosa\/\" \/>\n<meta property=\"og:site_name\" content=\"FAMPA Castell\u00f3 Penyagolosa\" \/>\n<meta property=\"article:publisher\" content=\"http:\/\/www.facebook.com\/fapa.penyagolosa\" \/>\n<meta property=\"article:modified_time\" content=\"2023-10-16T07:37:21+00:00\" \/>\n<meta property=\"og:image\" content=\"http:\/\/fapacastello.com\/wp-content\/uploads\/2023\/10\/BANNERS-WEB-4.jpg\" \/>\n\t<meta property=\"og:image:width\" content=\"2000\" \/>\n\t<meta property=\"og:image:height\" content=\"875\" \/>\n\t<meta property=\"og:image:type\" content=\"image\/jpeg\" \/>\n<meta name=\"author\" content=\"Raquel Garc\u00eda\" \/>\n<meta name=\"twitter:card\" content=\"summary\" \/>\n<meta name=\"twitter:site\" content=\"@FAMPACS\" \/>\n<meta name=\"twitter:label1\" content=\"Tiempo de lectura\" \/>\n\t<meta name=\"twitter:data1\" content=\"2 minutos\" \/>\n<script type=\"application\/ld+json\" class=\"yoast-schema-graph\">{\"@context\":\"https:\/\/schema.org\",\"@graph\":[{\"@type\":\"WebSite\",\"@id\":\"http:\/\/fapacastello.com\/es\/#website\",\"url\":\"http:\/\/fapacastello.com\/es\/\",\"name\":\"FAMPA Castell\u00f3 Penyagolosa\",\"description\":\"Fapa-Castell\u00f3n Penyagolosa. Federaci\u00f3n de Asociaciones de Padres i Madres de Alumnos Provincia de Castell\u00f3n.\",\"potentialAction\":[{\"@type\":\"SearchAction\",\"target\":{\"@type\":\"EntryPoint\",\"urlTemplate\":\"http:\/\/fapacastello.com\/es\/?s={search_term_string}\"},\"query-input\":\"required name=search_term_string\"}],\"inLanguage\":\"es\"},{\"@type\":\"ImageObject\",\"inLanguage\":\"es\",\"@id\":\"http:\/\/fapacastello.com\/es\/event\/assemblea-fampa-castello-penyagolosa\/#primaryimage\",\"url\":\"http:\/\/fapacastello.com\/wp-content\/uploads\/2023\/10\/BANNERS-WEB-4.jpg\",\"contentUrl\":\"http:\/\/fapacastello.com\/wp-content\/uploads\/2023\/10\/BANNERS-WEB-4.jpg\",\"width\":2000,\"height\":875},{\"@type\":\"WebPage\",\"@id\":\"http:\/\/fapacastello.com\/es\/event\/assemblea-fampa-castello-penyagolosa\/#webpage\",\"url\":\"http:\/\/fapacastello.com\/es\/event\/assemblea-fampa-castello-penyagolosa\/\",\"name\":\"Asamblea FAMPA Castell\u00f3 Penyagolosa\",\"isPartOf\":{\"@id\":\"http:\/\/fapacastello.com\/es\/#website\"},\"primaryImageOfPage\":{\"@id\":\"http:\/\/fapacastello.com\/es\/event\/assemblea-fampa-castello-penyagolosa\/#primaryimage\"},\"datePublished\":\"2023-10-16T07:31:12+00:00\",\"dateModified\":\"2023-10-16T07:37:21+00:00\",\"description\":\"El 28 d\u2019octubre es convoca a totes les nostres AMPA a participar en l\u2019Assemblea Extraordin\u00e0ria que se celebrar\u00e0 en la Seu de la federaci\u00f3.\",\"breadcrumb\":{\"@id\":\"http:\/\/fapacastello.com\/es\/event\/assemblea-fampa-castello-penyagolosa\/#breadcrumb\"},\"inLanguage\":\"es\",\"potentialAction\":[{\"@type\":\"ReadAction\",\"target\":[\"http:\/\/fapacastello.com\/es\/event\/assemblea-fampa-castello-penyagolosa\/\"]}]},{\"@type\":\"BreadcrumbList\",\"@id\":\"http:\/\/fapacastello.com\/es\/event\/assemblea-fampa-castello-penyagolosa\/#breadcrumb\",\"itemListElement\":[{\"@type\":\"ListItem\",\"position\":1,\"name\":\"Portada\",\"item\":\"http:\/\/fapacastello.com\/es\/\"},{\"@type\":\"ListItem\",\"position\":2,\"name\":\"Asamblea FAMPA Castell\u00f3 Penyagolosa\"}]}]}<\/script>\n<!-- \/ Yoast SEO plugin. -->","yoast_head_json":{"title":"Asamblea FAMPA Castell\u00f3 Penyagolosa","description":"El 28 d\u2019octubre es convoca a totes les nostres AMPA a participar en l\u2019Assemblea Extraordin\u00e0ria que se celebrar\u00e0 en la Seu de la federaci\u00f3.","robots":{"index":"index","follow":"follow","max-snippet":"max-snippet:-1","max-image-preview":"max-image-preview:large","max-video-preview":"max-video-preview:-1"},"canonical":"http:\/\/fapacastello.com\/es\/event\/assemblea-fampa-castello-penyagolosa\/","og_locale":"es_ES","og_type":"article","og_title":"Asamblea FAMPA Castell\u00f3 Penyagolosa","og_description":"El 28 d\u2019octubre es convoca a totes les nostres AMPA a participar en l\u2019Assemblea Extraordin\u00e0ria que se celebrar\u00e0 en la Seu de la federaci\u00f3.","og_url":"http:\/\/fapacastello.com\/es\/event\/assemblea-fampa-castello-penyagolosa\/","og_site_name":"FAMPA Castell\u00f3 Penyagolosa","article_publisher":"http:\/\/www.facebook.com\/fapa.penyagolosa","article_modified_time":"2023-10-16T07:37:21+00:00","og_image":[{"width":2000,"height":875,"url":"http:\/\/fapacastello.com\/wp-content\/uploads\/2023\/10\/BANNERS-WEB-4.jpg","type":"image\/jpeg"}],"author":"Raquel Garc\u00eda","twitter_card":"summary","twitter_site":"@FAMPACS","twitter_misc":{"Tiempo de lectura":"2 minutos"},"schema":{"@context":"https:\/\/schema.org","@graph":[{"@type":"WebSite","@id":"http:\/\/fapacastello.com\/es\/#website","url":"http:\/\/fapacastello.com\/es\/","name":"FAMPA Castell\u00f3 Penyagolosa","description":"Fapa-Castell\u00f3n Penyagolosa. Federaci\u00f3n de Asociaciones de Padres i Madres de Alumnos Provincia de Castell\u00f3n.","potentialAction":[{"@type":"SearchAction","target":{"@type":"EntryPoint","urlTemplate":"http:\/\/fapacastello.com\/es\/?s={search_term_string}"},"query-input":"required name=search_term_string"}],"inLanguage":"es"},{"@type":"ImageObject","inLanguage":"es","@id":"http:\/\/fapacastello.com\/es\/event\/assemblea-fampa-castello-penyagolosa\/#primaryimage","url":"http:\/\/fapacastello.com\/wp-content\/uploads\/2023\/10\/BANNERS-WEB-4.jpg","contentUrl":"http:\/\/fapacastello.com\/wp-content\/uploads\/2023\/10\/BANNERS-WEB-4.jpg","width":2000,"height":875},{"@type":"WebPage","@id":"http:\/\/fapacastello.com\/es\/event\/assemblea-fampa-castello-penyagolosa\/#webpage","url":"http:\/\/fapacastello.com\/es\/event\/assemblea-fampa-castello-penyagolosa\/","name":"Asamblea FAMPA Castell\u00f3 Penyagolosa","isPartOf":{"@id":"http:\/\/fapacastello.com\/es\/#website"},"primaryImageOfPage":{"@id":"http:\/\/fapacastello.com\/es\/event\/assemblea-fampa-castello-penyagolosa\/#primaryimage"},"datePublished":"2023-10-16T07:31:12+00:00","dateModified":"2023-10-16T07:37:21+00:00","description":"El 28 d\u2019octubre es convoca a totes les nostres AMPA a participar en l\u2019Assemblea Extraordin\u00e0ria que se celebrar\u00e0 en la Seu de la federaci\u00f3.","breadcrumb":{"@id":"http:\/\/fapacastello.com\/es\/event\/assemblea-fampa-castello-penyagolosa\/#breadcrumb"},"inLanguage":"es","potentialAction":[{"@type":"ReadAction","target":["http:\/\/fapacastello.com\/es\/event\/assemblea-fampa-castello-penyagolosa\/"]}]},{"@type":"BreadcrumbList","@id":"http:\/\/fapacastello.com\/es\/event\/assemblea-fampa-castello-penyagolosa\/#breadcrumb","itemListElement":[{"@type":"ListItem","position":1,"name":"Portada","item":"http:\/\/fapacastello.com\/es\/"},{"@type":"ListItem","position":2,"name":"Asamblea FAMPA Castell\u00f3 Penyagolosa"}]}]}},"_links":{"self":[{"href":"http:\/\/fapacastello.com\/es\/wp-json\/wp\/v2\/event_listing\/11061"}],"collection":[{"href":"http:\/\/fapacastello.com\/es\/wp-json\/wp\/v2\/event_listing"}],"about":[{"href":"http:\/\/fapacastello.com\/es\/wp-json\/wp\/v2\/types\/event_listing"}],"wp:featuredmedia":[{"embeddable":true,"href":"http:\/\/fapacastello.com\/es\/wp-json\/wp\/v2\/media\/11048"}],"wp:attachment":[{"href":"http:\/\/fapacastello.com\/es\/wp-json\/wp\/v2\/media?parent=11061"}],"wp:term":[{"taxonomy":"event_listing_category","embeddable":true,"href":"http:\/\/fapacastello.com\/es\/wp-json\/wp\/v2\/event_listing_category?post=11061"},{"taxonomy":"event_listing_type","embeddable":true,"href":"http:\/\/fapacastello.com\/es\/wp-json\/wp\/v2\/event_listing_type?post=11061"}],"curies":[{"name":"wp","href":"https:\/\/api.w.org\/{rel}","templated":true}]}}