

{"id":11503,"date":"2023-11-14T09:43:41","date_gmt":"2023-11-14T08:43:41","guid":{"rendered":"https:\/\/fapacastello.com\/?post_type=event_listing&#038;p=11503\/"},"modified":"2023-11-14T10:04:39","modified_gmt":"2023-11-14T09:04:39","slug":"totes-a-una-ii-jornada-de-buenas-practicas-en-asociaciones-de-familias","status":"publish","type":"event_listing","link":"http:\/\/fapacastello.com\/es\/event\/totes-a-una-ii-jornada-de-buenas-practicas-en-asociaciones-de-familias\/","title":{"rendered":"Totes a una! II Jornada de buenas pr\u00e1cticas en asociaciones de familias"},"content":{"rendered":"\n<p>Ya est\u00e1 aqu\u00ed la segunda jornada de buenas pr\u00e1cticas en asociaciones de familias \u201cTotes a una!\u201d de la\u00a0FAMPA\u00a0Castell\u00f3\u00a0Penyagolosa.<\/p>\n\n\n\n<p>La jornada tendr\u00e1 lugar el s\u00e1bado 25 de noviembre a partir de las 10:30 h en la sede de la&nbsp;FAMPA&nbsp;(calle del Maestro Caballero, 2, 12004 Castell\u00f3 de la Plana, Castell\u00f3), y podr\u00e1n asistir<strong>&nbsp;dos miembros&nbsp;<\/strong>de las juntas directivas de las AMPA asociadas&nbsp;<a href=\"https:\/\/forms.gle\/J1padtSocSJWdMrB9\">previa inscripci\u00f3n<\/a>&nbsp;(habr\u00e1 un&nbsp;<strong>aforo m\u00e1ximo de 30 personas<\/strong>&nbsp;que ser\u00e1n admitidas por orden de inscripci\u00f3n).<\/p>\n\n\n\n<p>En la segunda edici\u00f3n de este encuentro, podr\u00e9is asistir a una formaci\u00f3n de obligaciones documentales en la que tendr\u00e9is la posibilidad de revisar y organizar con un sistema de carpetas toda la documentaci\u00f3n que os hace falta tener al d\u00eda en vuestra AMPA.<\/p>\n\n\n\n<p>Tambi\u00e9n disfrutar\u00e9is de un almuerzo durante el cual tendr\u00e9is la oportunidad de compartir iniciativas, ideas, preocupaciones y dudas con las otras AMPA asistentes. Ser\u00e1 una buena oportunidad para el intercambio y la comunicaci\u00f3n.<\/p>\n\n\n\n<p>\u00a1No pod\u00e9is faltar a este encuentro! Trabajando todas juntas conseguiremos AMPA abiertas, transparentes y con ganas de comunicarnos.<\/p>\n\n\n\n<iframe loading=\"lazy\" src=\"https:\/\/docs.google.com\/forms\/d\/e\/1FAIpQLSdhpq1_1TBUjBvVktLGbouwNMVEGj9aPkj7eMbd79lSTJGhVg\/viewform?embedded=true\" width=\"640\" height=\"1123\" frameborder=\"0\" marginheight=\"0\" marginwidth=\"0\">Cargando\u2026<\/iframe>\n","protected":false},"featured_media":11434,"template":"","meta":[],"event_listing_category":[],"event_listing_type":[],"yoast_head":"<!-- This site is optimized with the Yoast SEO plugin v19.2 - https:\/\/yoast.com\/wordpress\/plugins\/seo\/ -->\n<title>Totes a una! II Jornada de buenas pr\u00e1cticas en asociaciones de familias | FAMPA Castell\u00f3 Penyagolosa<\/title>\n<meta name=\"robots\" content=\"index, follow, max-snippet:-1, max-image-preview:large, max-video-preview:-1\" \/>\n<link rel=\"canonical\" href=\"https:\/\/fapacastello.com\/es\/event\/totes-a-una-ii-jornada-de-buenas-practicas-en-asociaciones-de-familias\/\" \/>\n<meta property=\"og:locale\" content=\"es_ES\" \/>\n<meta property=\"og:type\" content=\"article\" \/>\n<meta property=\"og:title\" content=\"Totes a una! II Jornada de buenas pr\u00e1cticas en asociaciones de familias | FAMPA Castell\u00f3 Penyagolosa\" \/>\n<meta property=\"og:description\" content=\"Ya est\u00e1 aqu\u00ed la segunda jornada de buenas pr\u00e1cticas en asociaciones de familias \u201cTotes a una!\u201d de la\u00a0FAMPA\u00a0Castell\u00f3\u00a0Penyagolosa. La jornada tendr\u00e1 lugar el s\u00e1bado 25 de noviembre a partir de las 10:30 h en la sede de la&nbsp;FAMPA&nbsp;(calle del Maestro Caballero, 2, 12004 Castell\u00f3 de la Plana, Castell\u00f3), y podr\u00e1n asistir&nbsp;dos miembros&nbsp;de las juntas directivas de las AMPA asociadas&nbsp;previa inscripci\u00f3n&nbsp;(habr\u00e1 un&nbsp;aforo m\u00e1ximo de 30 personas&nbsp;que ser\u00e1n admitidas por orden de inscripci\u00f3n). En la segunda edici\u00f3n de este encuentro, podr\u00e9is asistir a una formaci\u00f3n de obligaciones documentales en la que tendr\u00e9is la posibilidad de revisar y organizar con un sistema de carpetas toda la documentaci\u00f3n que os hace falta tener al d\u00eda en vuestra AMPA. Tambi\u00e9n disfrutar\u00e9is de un almuerzo durante el cual tendr\u00e9is la oportunidad de compartir iniciativas, ideas, preocupaciones y dudas con las otras AMPA asistentes. Ser\u00e1 una buena oportunidad para el intercambio y la comunicaci\u00f3n. \u00a1No pod\u00e9is faltar a este encuentro! Trabajando todas juntas conseguiremos AMPA abiertas, transparentes y con ganas de comunicarnos. Cargando\u2026\" \/>\n<meta property=\"og:url\" content=\"https:\/\/fapacastello.com\/es\/event\/totes-a-una-ii-jornada-de-buenas-practicas-en-asociaciones-de-familias\/\" \/>\n<meta property=\"og:site_name\" content=\"FAMPA Castell\u00f3 Penyagolosa\" \/>\n<meta property=\"article:publisher\" content=\"http:\/\/www.facebook.com\/fapa.penyagolosa\" \/>\n<meta property=\"article:modified_time\" content=\"2023-11-14T09:04:39+00:00\" \/>\n<meta property=\"og:image\" content=\"https:\/\/fapacastello.com\/wp-content\/uploads\/2023\/11\/BANNERS-WEB-1-1.jpg\" \/>\n\t<meta property=\"og:image:width\" content=\"2000\" \/>\n\t<meta property=\"og:image:height\" content=\"875\" \/>\n\t<meta property=\"og:image:type\" content=\"image\/jpeg\" \/>\n<meta name=\"author\" content=\"Raquel Garc\u00eda\" \/>\n<meta name=\"twitter:card\" content=\"summary\" \/>\n<meta name=\"twitter:site\" content=\"@FAMPACS\" \/>\n<meta name=\"twitter:label1\" content=\"Tiempo de lectura\" \/>\n\t<meta name=\"twitter:data1\" content=\"1 minuto\" \/>\n<script type=\"application\/ld+json\" class=\"yoast-schema-graph\">{\"@context\":\"https:\/\/schema.org\",\"@graph\":[{\"@type\":\"WebSite\",\"@id\":\"http:\/\/fapacastello.com\/es\/#website\",\"url\":\"http:\/\/fapacastello.com\/es\/\",\"name\":\"FAMPA Castell\u00f3 Penyagolosa\",\"description\":\"Fapa-Castell\u00f3n Penyagolosa. Federaci\u00f3n de Asociaciones de Padres i Madres de Alumnos Provincia de Castell\u00f3n.\",\"potentialAction\":[{\"@type\":\"SearchAction\",\"target\":{\"@type\":\"EntryPoint\",\"urlTemplate\":\"http:\/\/fapacastello.com\/es\/?s={search_term_string}\"},\"query-input\":\"required name=search_term_string\"}],\"inLanguage\":\"es\"},{\"@type\":\"ImageObject\",\"inLanguage\":\"es\",\"@id\":\"https:\/\/fapacastello.com\/es\/event\/totes-a-una-ii-jornada-de-buenas-practicas-en-asociaciones-de-familias\/#primaryimage\",\"url\":\"http:\/\/fapacastello.com\/wp-content\/uploads\/2023\/11\/BANNERS-WEB-1-1.jpg\",\"contentUrl\":\"http:\/\/fapacastello.com\/wp-content\/uploads\/2023\/11\/BANNERS-WEB-1-1.jpg\",\"width\":2000,\"height\":875},{\"@type\":\"WebPage\",\"@id\":\"https:\/\/fapacastello.com\/es\/event\/totes-a-una-ii-jornada-de-buenas-practicas-en-asociaciones-de-familias\/#webpage\",\"url\":\"https:\/\/fapacastello.com\/es\/event\/totes-a-una-ii-jornada-de-buenas-practicas-en-asociaciones-de-familias\/\",\"name\":\"Totes a una! II Jornada de buenas pr\u00e1cticas en asociaciones de familias | FAMPA Castell\u00f3 Penyagolosa\",\"isPartOf\":{\"@id\":\"http:\/\/fapacastello.com\/es\/#website\"},\"primaryImageOfPage\":{\"@id\":\"https:\/\/fapacastello.com\/es\/event\/totes-a-una-ii-jornada-de-buenas-practicas-en-asociaciones-de-familias\/#primaryimage\"},\"datePublished\":\"2023-11-14T08:43:41+00:00\",\"dateModified\":\"2023-11-14T09:04:39+00:00\",\"breadcrumb\":{\"@id\":\"https:\/\/fapacastello.com\/es\/event\/totes-a-una-ii-jornada-de-buenas-practicas-en-asociaciones-de-familias\/#breadcrumb\"},\"inLanguage\":\"es\",\"potentialAction\":[{\"@type\":\"ReadAction\",\"target\":[\"https:\/\/fapacastello.com\/es\/event\/totes-a-una-ii-jornada-de-buenas-practicas-en-asociaciones-de-familias\/\"]}]},{\"@type\":\"BreadcrumbList\",\"@id\":\"https:\/\/fapacastello.com\/es\/event\/totes-a-una-ii-jornada-de-buenas-practicas-en-asociaciones-de-familias\/#breadcrumb\",\"itemListElement\":[{\"@type\":\"ListItem\",\"position\":1,\"name\":\"Portada\",\"item\":\"http:\/\/fapacastello.com\/es\/\"},{\"@type\":\"ListItem\",\"position\":2,\"name\":\"Totes a una! II Jornada de buenas pr\u00e1cticas en asociaciones de familias\"}]}]}<\/script>\n<!-- \/ Yoast SEO plugin. -->","yoast_head_json":{"title":"Totes a una! II Jornada de buenas pr\u00e1cticas en asociaciones de familias | FAMPA Castell\u00f3 Penyagolosa","robots":{"index":"index","follow":"follow","max-snippet":"max-snippet:-1","max-image-preview":"max-image-preview:large","max-video-preview":"max-video-preview:-1"},"canonical":"https:\/\/fapacastello.com\/es\/event\/totes-a-una-ii-jornada-de-buenas-practicas-en-asociaciones-de-familias\/","og_locale":"es_ES","og_type":"article","og_title":"Totes a una! II Jornada de buenas pr\u00e1cticas en asociaciones de familias | FAMPA Castell\u00f3 Penyagolosa","og_description":"Ya est\u00e1 aqu\u00ed la segunda jornada de buenas pr\u00e1cticas en asociaciones de familias \u201cTotes a una!\u201d de la\u00a0FAMPA\u00a0Castell\u00f3\u00a0Penyagolosa. La jornada tendr\u00e1 lugar el s\u00e1bado 25 de noviembre a partir de las 10:30 h en la sede de la&nbsp;FAMPA&nbsp;(calle del Maestro Caballero, 2, 12004 Castell\u00f3 de la Plana, Castell\u00f3), y podr\u00e1n asistir&nbsp;dos miembros&nbsp;de las juntas directivas de las AMPA asociadas&nbsp;previa inscripci\u00f3n&nbsp;(habr\u00e1 un&nbsp;aforo m\u00e1ximo de 30 personas&nbsp;que ser\u00e1n admitidas por orden de inscripci\u00f3n). En la segunda edici\u00f3n de este encuentro, podr\u00e9is asistir a una formaci\u00f3n de obligaciones documentales en la que tendr\u00e9is la posibilidad de revisar y organizar con un sistema de carpetas toda la documentaci\u00f3n que os hace falta tener al d\u00eda en vuestra AMPA. Tambi\u00e9n disfrutar\u00e9is de un almuerzo durante el cual tendr\u00e9is la oportunidad de compartir iniciativas, ideas, preocupaciones y dudas con las otras AMPA asistentes. Ser\u00e1 una buena oportunidad para el intercambio y la comunicaci\u00f3n. \u00a1No pod\u00e9is faltar a este encuentro! Trabajando todas juntas conseguiremos AMPA abiertas, transparentes y con ganas de comunicarnos. Cargando\u2026","og_url":"https:\/\/fapacastello.com\/es\/event\/totes-a-una-ii-jornada-de-buenas-practicas-en-asociaciones-de-familias\/","og_site_name":"FAMPA Castell\u00f3 Penyagolosa","article_publisher":"http:\/\/www.facebook.com\/fapa.penyagolosa","article_modified_time":"2023-11-14T09:04:39+00:00","og_image":[{"width":2000,"height":875,"url":"https:\/\/fapacastello.com\/wp-content\/uploads\/2023\/11\/BANNERS-WEB-1-1.jpg","type":"image\/jpeg"}],"author":"Raquel Garc\u00eda","twitter_card":"summary","twitter_site":"@FAMPACS","twitter_misc":{"Tiempo de lectura":"1 minuto"},"schema":{"@context":"https:\/\/schema.org","@graph":[{"@type":"WebSite","@id":"http:\/\/fapacastello.com\/es\/#website","url":"http:\/\/fapacastello.com\/es\/","name":"FAMPA Castell\u00f3 Penyagolosa","description":"Fapa-Castell\u00f3n Penyagolosa. Federaci\u00f3n de Asociaciones de Padres i Madres de Alumnos Provincia de Castell\u00f3n.","potentialAction":[{"@type":"SearchAction","target":{"@type":"EntryPoint","urlTemplate":"http:\/\/fapacastello.com\/es\/?s={search_term_string}"},"query-input":"required name=search_term_string"}],"inLanguage":"es"},{"@type":"ImageObject","inLanguage":"es","@id":"https:\/\/fapacastello.com\/es\/event\/totes-a-una-ii-jornada-de-buenas-practicas-en-asociaciones-de-familias\/#primaryimage","url":"http:\/\/fapacastello.com\/wp-content\/uploads\/2023\/11\/BANNERS-WEB-1-1.jpg","contentUrl":"http:\/\/fapacastello.com\/wp-content\/uploads\/2023\/11\/BANNERS-WEB-1-1.jpg","width":2000,"height":875},{"@type":"WebPage","@id":"https:\/\/fapacastello.com\/es\/event\/totes-a-una-ii-jornada-de-buenas-practicas-en-asociaciones-de-familias\/#webpage","url":"https:\/\/fapacastello.com\/es\/event\/totes-a-una-ii-jornada-de-buenas-practicas-en-asociaciones-de-familias\/","name":"Totes a una! II Jornada de buenas pr\u00e1cticas en asociaciones de familias | FAMPA Castell\u00f3 Penyagolosa","isPartOf":{"@id":"http:\/\/fapacastello.com\/es\/#website"},"primaryImageOfPage":{"@id":"https:\/\/fapacastello.com\/es\/event\/totes-a-una-ii-jornada-de-buenas-practicas-en-asociaciones-de-familias\/#primaryimage"},"datePublished":"2023-11-14T08:43:41+00:00","dateModified":"2023-11-14T09:04:39+00:00","breadcrumb":{"@id":"https:\/\/fapacastello.com\/es\/event\/totes-a-una-ii-jornada-de-buenas-practicas-en-asociaciones-de-familias\/#breadcrumb"},"inLanguage":"es","potentialAction":[{"@type":"ReadAction","target":["https:\/\/fapacastello.com\/es\/event\/totes-a-una-ii-jornada-de-buenas-practicas-en-asociaciones-de-familias\/"]}]},{"@type":"BreadcrumbList","@id":"https:\/\/fapacastello.com\/es\/event\/totes-a-una-ii-jornada-de-buenas-practicas-en-asociaciones-de-familias\/#breadcrumb","itemListElement":[{"@type":"ListItem","position":1,"name":"Portada","item":"http:\/\/fapacastello.com\/es\/"},{"@type":"ListItem","position":2,"name":"Totes a una! II Jornada de buenas pr\u00e1cticas en asociaciones de familias"}]}]}},"_links":{"self":[{"href":"http:\/\/fapacastello.com\/es\/wp-json\/wp\/v2\/event_listing\/11503"}],"collection":[{"href":"http:\/\/fapacastello.com\/es\/wp-json\/wp\/v2\/event_listing"}],"about":[{"href":"http:\/\/fapacastello.com\/es\/wp-json\/wp\/v2\/types\/event_listing"}],"wp:featuredmedia":[{"embeddable":true,"href":"http:\/\/fapacastello.com\/es\/wp-json\/wp\/v2\/media\/11434"}],"wp:attachment":[{"href":"http:\/\/fapacastello.com\/es\/wp-json\/wp\/v2\/media?parent=11503"}],"wp:term":[{"taxonomy":"event_listing_category","embeddable":true,"href":"http:\/\/fapacastello.com\/es\/wp-json\/wp\/v2\/event_listing_category?post=11503"},{"taxonomy":"event_listing_type","embeddable":true,"href":"http:\/\/fapacastello.com\/es\/wp-json\/wp\/v2\/event_listing_type?post=11503"}],"curies":[{"name":"wp","href":"https:\/\/api.w.org\/{rel}","templated":true}]}}