

{"id":12992,"date":"2024-09-10T08:43:08","date_gmt":"2024-09-10T06:43:08","guid":{"rendered":"https:\/\/fapacastello.com\/?post_type=event_listing&#038;p=12992\/"},"modified":"2024-09-10T08:54:39","modified_gmt":"2024-09-10T06:54:39","slug":"formacio-el-tabac-i-el-vapeig-en-ladolescencia","status":"publish","type":"event_listing","link":"http:\/\/fapacastello.com\/es\/event\/formacio-el-tabac-i-el-vapeig-en-ladolescencia\/","title":{"rendered":"Formaci\u00f3n \u201cEl tabaco y el vapeo en la adolescencia\u201d"},"content":{"rendered":"\n<p>El tabaco es la segunda causa de muerte y se estima que m\u00e1s de cinco millones de personas mueren al a\u00f1o como consecuencia de su consumo. El h\u00e1bito tab\u00e1quico es progresivamente m\u00e1s precoz y ocurre alrededor de los 13,5 a\u00f1os. Por ello, y por sus efectos perjudiciales para la salud, el tabaquismo en adolescentes es un problema social grave.<\/p>\n\n\n\n<p>Para concienciar sobre los peligros del tabaquismo en adolescentes, haciendo \u00e9nfasis en sus efectos nocivos, las estrategias comerciales enga\u00f1osas y la importancia de promover el abandono de este h\u00e1bito mediante la educaci\u00f3n, la FAMPA Castell\u00f3 Penyagolosa, en colaboraci\u00f3n con la Confederaci\u00f3n Espa\u00f1ola de Asociaciones de Padres y Madres de Alumnado (CEAPA), ofrecer\u00e1 el s\u00e1bado 21 de septiembre la formaci\u00f3n titulada \u201c<strong>El tabaco y el vapeo en la adolescencia<\/strong>\u201d.<\/p>\n\n\n\n<p>El evento, tendr\u00e1 lugar a las 10:30 h en el Espai cultural el Menador de Castell\u00f3.<\/p>\n\n\n\n<p>La formaci\u00f3n ser\u00e1 impartida por Laura Onrubia, enfermera con una amplia trayectoria en hospitalizaci\u00f3n pedi\u00e1trica y UCINN.<\/p>\n","protected":false},"featured_media":12979,"template":"","meta":[],"event_listing_category":[],"event_listing_type":[],"yoast_head":"<!-- This site is optimized with the Yoast SEO plugin v19.2 - https:\/\/yoast.com\/wordpress\/plugins\/seo\/ -->\n<title>Formaci\u00f3n \u201cEl tabaco y el vapeo en la adolescencia\u201d | FAMPA Castell\u00f3 Penyagolosa<\/title>\n<meta name=\"robots\" content=\"index, follow, max-snippet:-1, max-image-preview:large, max-video-preview:-1\" \/>\n<link rel=\"canonical\" href=\"http:\/\/fapacastello.com\/es\/event\/formacio-el-tabac-i-el-vapeig-en-ladolescencia\/\" \/>\n<meta property=\"og:locale\" content=\"es_ES\" \/>\n<meta property=\"og:type\" content=\"article\" \/>\n<meta property=\"og:title\" content=\"Formaci\u00f3n \u201cEl tabaco y el vapeo en la adolescencia\u201d | FAMPA Castell\u00f3 Penyagolosa\" \/>\n<meta property=\"og:description\" content=\"El tabaco es la segunda causa de muerte y se estima que m\u00e1s de cinco millones de personas mueren al a\u00f1o como consecuencia de su consumo. El h\u00e1bito tab\u00e1quico es progresivamente m\u00e1s precoz y ocurre alrededor de los 13,5 a\u00f1os. Por ello, y por sus efectos perjudiciales para la salud, el tabaquismo en adolescentes es un problema social grave. Para concienciar sobre los peligros del tabaquismo en adolescentes, haciendo \u00e9nfasis en sus efectos nocivos, las estrategias comerciales enga\u00f1osas y la importancia de promover el abandono de este h\u00e1bito mediante la educaci\u00f3n, la FAMPA Castell\u00f3 Penyagolosa, en colaboraci\u00f3n con la Confederaci\u00f3n Espa\u00f1ola de Asociaciones de Padres y Madres de Alumnado (CEAPA), ofrecer\u00e1 el s\u00e1bado 21 de septiembre la formaci\u00f3n titulada \u201cEl tabaco y el vapeo en la adolescencia\u201d. El evento, tendr\u00e1 lugar a las 10:30 h en el Espai cultural el Menador de Castell\u00f3. La formaci\u00f3n ser\u00e1 impartida por Laura Onrubia, enfermera con una amplia trayectoria en hospitalizaci\u00f3n pedi\u00e1trica y UCINN.\" \/>\n<meta property=\"og:url\" content=\"http:\/\/fapacastello.com\/es\/event\/formacio-el-tabac-i-el-vapeig-en-ladolescencia\/\" \/>\n<meta property=\"og:site_name\" content=\"FAMPA Castell\u00f3 Penyagolosa\" \/>\n<meta property=\"article:publisher\" content=\"http:\/\/www.facebook.com\/fapa.penyagolosa\" \/>\n<meta property=\"article:modified_time\" content=\"2024-09-10T06:54:39+00:00\" \/>\n<meta property=\"og:image\" content=\"http:\/\/fapacastello.com\/wp-content\/uploads\/2024\/09\/BANNERS-WEB.jpg\" \/>\n\t<meta property=\"og:image:width\" content=\"2000\" \/>\n\t<meta property=\"og:image:height\" content=\"875\" \/>\n\t<meta property=\"og:image:type\" content=\"image\/jpeg\" \/>\n<meta name=\"author\" content=\"Raquel Garc\u00eda\" \/>\n<meta name=\"twitter:card\" content=\"summary\" \/>\n<meta name=\"twitter:site\" content=\"@FAMPACS\" \/>\n<meta name=\"twitter:label1\" content=\"Tiempo de lectura\" \/>\n\t<meta name=\"twitter:data1\" content=\"1 minuto\" \/>\n<script type=\"application\/ld+json\" class=\"yoast-schema-graph\">{\"@context\":\"https:\/\/schema.org\",\"@graph\":[{\"@type\":\"WebSite\",\"@id\":\"http:\/\/fapacastello.com\/es\/#website\",\"url\":\"http:\/\/fapacastello.com\/es\/\",\"name\":\"FAMPA Castell\u00f3 Penyagolosa\",\"description\":\"Fapa-Castell\u00f3n Penyagolosa. Federaci\u00f3n de Asociaciones de Padres i Madres de Alumnos Provincia de Castell\u00f3n.\",\"potentialAction\":[{\"@type\":\"SearchAction\",\"target\":{\"@type\":\"EntryPoint\",\"urlTemplate\":\"http:\/\/fapacastello.com\/es\/?s={search_term_string}\"},\"query-input\":\"required name=search_term_string\"}],\"inLanguage\":\"es\"},{\"@type\":\"ImageObject\",\"inLanguage\":\"es\",\"@id\":\"http:\/\/fapacastello.com\/es\/event\/formacio-el-tabac-i-el-vapeig-en-ladolescencia\/#primaryimage\",\"url\":\"http:\/\/fapacastello.com\/wp-content\/uploads\/2024\/09\/BANNERS-WEB.jpg\",\"contentUrl\":\"http:\/\/fapacastello.com\/wp-content\/uploads\/2024\/09\/BANNERS-WEB.jpg\",\"width\":2000,\"height\":875},{\"@type\":\"WebPage\",\"@id\":\"http:\/\/fapacastello.com\/es\/event\/formacio-el-tabac-i-el-vapeig-en-ladolescencia\/#webpage\",\"url\":\"http:\/\/fapacastello.com\/es\/event\/formacio-el-tabac-i-el-vapeig-en-ladolescencia\/\",\"name\":\"Formaci\u00f3n \u201cEl tabaco y el vapeo en la adolescencia\u201d | FAMPA Castell\u00f3 Penyagolosa\",\"isPartOf\":{\"@id\":\"http:\/\/fapacastello.com\/es\/#website\"},\"primaryImageOfPage\":{\"@id\":\"http:\/\/fapacastello.com\/es\/event\/formacio-el-tabac-i-el-vapeig-en-ladolescencia\/#primaryimage\"},\"datePublished\":\"2024-09-10T06:43:08+00:00\",\"dateModified\":\"2024-09-10T06:54:39+00:00\",\"breadcrumb\":{\"@id\":\"http:\/\/fapacastello.com\/es\/event\/formacio-el-tabac-i-el-vapeig-en-ladolescencia\/#breadcrumb\"},\"inLanguage\":\"es\",\"potentialAction\":[{\"@type\":\"ReadAction\",\"target\":[\"http:\/\/fapacastello.com\/es\/event\/formacio-el-tabac-i-el-vapeig-en-ladolescencia\/\"]}]},{\"@type\":\"BreadcrumbList\",\"@id\":\"http:\/\/fapacastello.com\/es\/event\/formacio-el-tabac-i-el-vapeig-en-ladolescencia\/#breadcrumb\",\"itemListElement\":[{\"@type\":\"ListItem\",\"position\":1,\"name\":\"Portada\",\"item\":\"http:\/\/fapacastello.com\/es\/\"},{\"@type\":\"ListItem\",\"position\":2,\"name\":\"Formaci\u00f3n \u201cEl tabaco y el vapeo en la adolescencia\u201d\"}]}]}<\/script>\n<!-- \/ Yoast SEO plugin. -->","yoast_head_json":{"title":"Formaci\u00f3n \u201cEl tabaco y el vapeo en la adolescencia\u201d | FAMPA Castell\u00f3 Penyagolosa","robots":{"index":"index","follow":"follow","max-snippet":"max-snippet:-1","max-image-preview":"max-image-preview:large","max-video-preview":"max-video-preview:-1"},"canonical":"http:\/\/fapacastello.com\/es\/event\/formacio-el-tabac-i-el-vapeig-en-ladolescencia\/","og_locale":"es_ES","og_type":"article","og_title":"Formaci\u00f3n \u201cEl tabaco y el vapeo en la adolescencia\u201d | FAMPA Castell\u00f3 Penyagolosa","og_description":"El tabaco es la segunda causa de muerte y se estima que m\u00e1s de cinco millones de personas mueren al a\u00f1o como consecuencia de su consumo. El h\u00e1bito tab\u00e1quico es progresivamente m\u00e1s precoz y ocurre alrededor de los 13,5 a\u00f1os. Por ello, y por sus efectos perjudiciales para la salud, el tabaquismo en adolescentes es un problema social grave. Para concienciar sobre los peligros del tabaquismo en adolescentes, haciendo \u00e9nfasis en sus efectos nocivos, las estrategias comerciales enga\u00f1osas y la importancia de promover el abandono de este h\u00e1bito mediante la educaci\u00f3n, la FAMPA Castell\u00f3 Penyagolosa, en colaboraci\u00f3n con la Confederaci\u00f3n Espa\u00f1ola de Asociaciones de Padres y Madres de Alumnado (CEAPA), ofrecer\u00e1 el s\u00e1bado 21 de septiembre la formaci\u00f3n titulada \u201cEl tabaco y el vapeo en la adolescencia\u201d. El evento, tendr\u00e1 lugar a las 10:30 h en el Espai cultural el Menador de Castell\u00f3. La formaci\u00f3n ser\u00e1 impartida por Laura Onrubia, enfermera con una amplia trayectoria en hospitalizaci\u00f3n pedi\u00e1trica y UCINN.","og_url":"http:\/\/fapacastello.com\/es\/event\/formacio-el-tabac-i-el-vapeig-en-ladolescencia\/","og_site_name":"FAMPA Castell\u00f3 Penyagolosa","article_publisher":"http:\/\/www.facebook.com\/fapa.penyagolosa","article_modified_time":"2024-09-10T06:54:39+00:00","og_image":[{"width":2000,"height":875,"url":"http:\/\/fapacastello.com\/wp-content\/uploads\/2024\/09\/BANNERS-WEB.jpg","type":"image\/jpeg"}],"author":"Raquel Garc\u00eda","twitter_card":"summary","twitter_site":"@FAMPACS","twitter_misc":{"Tiempo de lectura":"1 minuto"},"schema":{"@context":"https:\/\/schema.org","@graph":[{"@type":"WebSite","@id":"http:\/\/fapacastello.com\/es\/#website","url":"http:\/\/fapacastello.com\/es\/","name":"FAMPA Castell\u00f3 Penyagolosa","description":"Fapa-Castell\u00f3n Penyagolosa. Federaci\u00f3n de Asociaciones de Padres i Madres de Alumnos Provincia de Castell\u00f3n.","potentialAction":[{"@type":"SearchAction","target":{"@type":"EntryPoint","urlTemplate":"http:\/\/fapacastello.com\/es\/?s={search_term_string}"},"query-input":"required name=search_term_string"}],"inLanguage":"es"},{"@type":"ImageObject","inLanguage":"es","@id":"http:\/\/fapacastello.com\/es\/event\/formacio-el-tabac-i-el-vapeig-en-ladolescencia\/#primaryimage","url":"http:\/\/fapacastello.com\/wp-content\/uploads\/2024\/09\/BANNERS-WEB.jpg","contentUrl":"http:\/\/fapacastello.com\/wp-content\/uploads\/2024\/09\/BANNERS-WEB.jpg","width":2000,"height":875},{"@type":"WebPage","@id":"http:\/\/fapacastello.com\/es\/event\/formacio-el-tabac-i-el-vapeig-en-ladolescencia\/#webpage","url":"http:\/\/fapacastello.com\/es\/event\/formacio-el-tabac-i-el-vapeig-en-ladolescencia\/","name":"Formaci\u00f3n \u201cEl tabaco y el vapeo en la adolescencia\u201d | FAMPA Castell\u00f3 Penyagolosa","isPartOf":{"@id":"http:\/\/fapacastello.com\/es\/#website"},"primaryImageOfPage":{"@id":"http:\/\/fapacastello.com\/es\/event\/formacio-el-tabac-i-el-vapeig-en-ladolescencia\/#primaryimage"},"datePublished":"2024-09-10T06:43:08+00:00","dateModified":"2024-09-10T06:54:39+00:00","breadcrumb":{"@id":"http:\/\/fapacastello.com\/es\/event\/formacio-el-tabac-i-el-vapeig-en-ladolescencia\/#breadcrumb"},"inLanguage":"es","potentialAction":[{"@type":"ReadAction","target":["http:\/\/fapacastello.com\/es\/event\/formacio-el-tabac-i-el-vapeig-en-ladolescencia\/"]}]},{"@type":"BreadcrumbList","@id":"http:\/\/fapacastello.com\/es\/event\/formacio-el-tabac-i-el-vapeig-en-ladolescencia\/#breadcrumb","itemListElement":[{"@type":"ListItem","position":1,"name":"Portada","item":"http:\/\/fapacastello.com\/es\/"},{"@type":"ListItem","position":2,"name":"Formaci\u00f3n \u201cEl tabaco y el vapeo en la adolescencia\u201d"}]}]}},"_links":{"self":[{"href":"http:\/\/fapacastello.com\/es\/wp-json\/wp\/v2\/event_listing\/12992"}],"collection":[{"href":"http:\/\/fapacastello.com\/es\/wp-json\/wp\/v2\/event_listing"}],"about":[{"href":"http:\/\/fapacastello.com\/es\/wp-json\/wp\/v2\/types\/event_listing"}],"wp:featuredmedia":[{"embeddable":true,"href":"http:\/\/fapacastello.com\/es\/wp-json\/wp\/v2\/media\/12979"}],"wp:attachment":[{"href":"http:\/\/fapacastello.com\/es\/wp-json\/wp\/v2\/media?parent=12992"}],"wp:term":[{"taxonomy":"event_listing_category","embeddable":true,"href":"http:\/\/fapacastello.com\/es\/wp-json\/wp\/v2\/event_listing_category?post=12992"},{"taxonomy":"event_listing_type","embeddable":true,"href":"http:\/\/fapacastello.com\/es\/wp-json\/wp\/v2\/event_listing_type?post=12992"}],"curies":[{"name":"wp","href":"https:\/\/api.w.org\/{rel}","templated":true}]}}