

{"id":13890,"date":"2025-02-19T11:07:39","date_gmt":"2025-02-19T10:07:39","guid":{"rendered":"https:\/\/fapacastello.com\/?post_type=event_listing&#038;p=13890\/"},"modified":"2025-02-19T11:09:19","modified_gmt":"2025-02-19T10:09:19","slug":"consulta-sobre-la-llengua-vehicular-reflexions-i-consequencies","status":"publish","type":"event_listing","link":"http:\/\/fapacastello.com\/es\/event\/consulta-sobre-la-llengua-vehicular-reflexions-i-consequencies\/","title":{"rendered":"Consulta sobre la lengua vehicular: reflexiones y consecuencias"},"content":{"rendered":"\n<p>Queridas familias,<\/p>\n\n\n\n<p>\u00bfTen\u00e9is dudas sobre la consulta sobre la lengua vehicular que comenzar\u00e1 el martes 25?<\/p>\n\n\n\n<p>Os invitamos a una charla en l\u00ednea donde reflexionaremos y analizaremos las consecuencias de esta consulta con diferentes expertos en la materia.<\/p>\n\n\n\n<p><strong>D\u00eda:<\/strong>&nbsp;Lunes, 24 de febrero<br><strong>Hora:<\/strong>&nbsp;19:00 h<br><strong>D\u00f3nde:<\/strong>&nbsp;En l\u00ednea<br><strong>Acceso:<\/strong>&nbsp;<a href=\"https:\/\/goo.su\/qyOMCMF\">https:\/\/goo.su\/qyOMCMF<\/a><\/p>\n\n\n\n<p><strong>Con la participaci\u00f3n de:<\/strong><\/p>\n\n\n\n<ul><li>Guillem Castan, miembro de STEPV<\/li><li>Josep Albiol, presidente de la FAMPA Castell\u00f3 Penyagolosa<\/li><li>Antoni V. Boix, profesor de la Universitat Jaume I<\/li><\/ul>\n\n\n\n<p><strong>Moderaci\u00f3n a cargo de Estela Bernad<\/strong><\/p>\n\n\n\n<p>Tendr\u00e9is la oportunidad de resolver dudas y conocer otras perspectivas sobre la consulta.<\/p>\n\n\n\n<p>Por favor, compartid esta informaci\u00f3n con vuestras familias asociadas. Ahora m\u00e1s que nunca, es fundamental informarnos para elegir con criterio.<\/p>\n\n\n\n<figure class=\"wp-block-image size-large\"><img loading=\"lazy\" width=\"819\" height=\"1024\" src=\"https:\/\/fapacastello.com\/wp-content\/uploads\/2025\/02\/2-5-819x1024.jpg\" alt=\"\" class=\"wp-image-13891\" srcset=\"http:\/\/fapacastello.com\/wp-content\/uploads\/2025\/02\/2-5-819x1024.jpg 819w, http:\/\/fapacastello.com\/wp-content\/uploads\/2025\/02\/2-5-240x300.jpg 240w, http:\/\/fapacastello.com\/wp-content\/uploads\/2025\/02\/2-5-768x960.jpg 768w, http:\/\/fapacastello.com\/wp-content\/uploads\/2025\/02\/2-5-1229x1536.jpg 1229w, http:\/\/fapacastello.com\/wp-content\/uploads\/2025\/02\/2-5-1638x2048.jpg 1638w, http:\/\/fapacastello.com\/wp-content\/uploads\/2025\/02\/2-5-117x146.jpg 117w, http:\/\/fapacastello.com\/wp-content\/uploads\/2025\/02\/2-5-40x50.jpg 40w, http:\/\/fapacastello.com\/wp-content\/uploads\/2025\/02\/2-5-60x75.jpg 60w, http:\/\/fapacastello.com\/wp-content\/uploads\/2025\/02\/2-5-scaled.jpg 2048w\" sizes=\"(max-width: 819px) 100vw, 819px\" \/><\/figure>\n","protected":false},"featured_media":13857,"template":"","meta":[],"event_listing_category":[],"event_listing_type":[],"yoast_head":"<!-- This site is optimized with the Yoast SEO plugin v19.2 - https:\/\/yoast.com\/wordpress\/plugins\/seo\/ -->\n<title>Consulta sobre la lengua vehicular: reflexiones y consecuencias<\/title>\n<meta name=\"robots\" content=\"index, follow, max-snippet:-1, max-image-preview:large, max-video-preview:-1\" \/>\n<link rel=\"canonical\" href=\"https:\/\/fapacastello.com\/es\/event\/consulta-sobre-la-llengua-vehicular-reflexions-i-consequencies\/\" \/>\n<meta property=\"og:locale\" content=\"es_ES\" \/>\n<meta property=\"og:type\" content=\"article\" \/>\n<meta property=\"og:title\" content=\"Consulta sobre la lengua vehicular: reflexiones y consecuencias\" \/>\n<meta property=\"og:description\" content=\"Queridas familias, \u00bfTen\u00e9is dudas sobre la consulta sobre la lengua vehicular que comenzar\u00e1 el martes 25? Os invitamos a una charla en l\u00ednea donde reflexionaremos y analizaremos las consecuencias de esta consulta con diferentes expertos en la materia. D\u00eda:&nbsp;Lunes, 24 de febreroHora:&nbsp;19:00 hD\u00f3nde:&nbsp;En l\u00edneaAcceso:&nbsp;https:\/\/goo.su\/qyOMCMF Con la participaci\u00f3n de: Guillem Castan, miembro de STEPV Josep Albiol, presidente de la FAMPA Castell\u00f3 Penyagolosa Antoni V. Boix, profesor de la Universitat Jaume I Moderaci\u00f3n a cargo de Estela Bernad Tendr\u00e9is la oportunidad de resolver dudas y conocer otras perspectivas sobre la consulta. Por favor, compartid esta informaci\u00f3n con vuestras familias asociadas. Ahora m\u00e1s que nunca, es fundamental informarnos para elegir con criterio.\" \/>\n<meta property=\"og:url\" content=\"https:\/\/fapacastello.com\/es\/event\/consulta-sobre-la-llengua-vehicular-reflexions-i-consequencies\/\" \/>\n<meta property=\"og:site_name\" content=\"FAMPA Castell\u00f3 Penyagolosa\" \/>\n<meta property=\"article:publisher\" content=\"http:\/\/www.facebook.com\/fapa.penyagolosa\" \/>\n<meta property=\"article:modified_time\" content=\"2025-02-19T10:09:19+00:00\" \/>\n<meta property=\"og:image\" content=\"https:\/\/fapacastello.com\/wp-content\/uploads\/2025\/02\/BANNERS-WEB-3.jpg\" \/>\n\t<meta property=\"og:image:width\" content=\"2000\" \/>\n\t<meta property=\"og:image:height\" content=\"875\" \/>\n\t<meta property=\"og:image:type\" content=\"image\/jpeg\" \/>\n<meta name=\"author\" content=\"Raquel Garc\u00eda\" \/>\n<meta name=\"twitter:card\" content=\"summary\" \/>\n<meta name=\"twitter:site\" content=\"@FAMPACS\" \/>\n<meta name=\"twitter:label1\" content=\"Tiempo de lectura\" \/>\n\t<meta name=\"twitter:data1\" content=\"1 minuto\" \/>\n<script type=\"application\/ld+json\" class=\"yoast-schema-graph\">{\"@context\":\"https:\/\/schema.org\",\"@graph\":[{\"@type\":\"WebSite\",\"@id\":\"http:\/\/fapacastello.com\/es\/#website\",\"url\":\"http:\/\/fapacastello.com\/es\/\",\"name\":\"FAMPA Castell\u00f3 Penyagolosa\",\"description\":\"Fapa-Castell\u00f3n Penyagolosa. Federaci\u00f3n de Asociaciones de Padres i Madres de Alumnos Provincia de Castell\u00f3n.\",\"potentialAction\":[{\"@type\":\"SearchAction\",\"target\":{\"@type\":\"EntryPoint\",\"urlTemplate\":\"http:\/\/fapacastello.com\/es\/?s={search_term_string}\"},\"query-input\":\"required name=search_term_string\"}],\"inLanguage\":\"es\"},{\"@type\":\"ImageObject\",\"inLanguage\":\"es\",\"@id\":\"https:\/\/fapacastello.com\/es\/event\/consulta-sobre-la-llengua-vehicular-reflexions-i-consequencies\/#primaryimage\",\"url\":\"http:\/\/fapacastello.com\/wp-content\/uploads\/2025\/02\/BANNERS-WEB-3.jpg\",\"contentUrl\":\"http:\/\/fapacastello.com\/wp-content\/uploads\/2025\/02\/BANNERS-WEB-3.jpg\",\"width\":2000,\"height\":875},{\"@type\":\"WebPage\",\"@id\":\"https:\/\/fapacastello.com\/es\/event\/consulta-sobre-la-llengua-vehicular-reflexions-i-consequencies\/#webpage\",\"url\":\"https:\/\/fapacastello.com\/es\/event\/consulta-sobre-la-llengua-vehicular-reflexions-i-consequencies\/\",\"name\":\"Consulta sobre la lengua vehicular: reflexiones y consecuencias\",\"isPartOf\":{\"@id\":\"http:\/\/fapacastello.com\/es\/#website\"},\"primaryImageOfPage\":{\"@id\":\"https:\/\/fapacastello.com\/es\/event\/consulta-sobre-la-llengua-vehicular-reflexions-i-consequencies\/#primaryimage\"},\"datePublished\":\"2025-02-19T10:07:39+00:00\",\"dateModified\":\"2025-02-19T10:09:19+00:00\",\"breadcrumb\":{\"@id\":\"https:\/\/fapacastello.com\/es\/event\/consulta-sobre-la-llengua-vehicular-reflexions-i-consequencies\/#breadcrumb\"},\"inLanguage\":\"es\",\"potentialAction\":[{\"@type\":\"ReadAction\",\"target\":[\"https:\/\/fapacastello.com\/es\/event\/consulta-sobre-la-llengua-vehicular-reflexions-i-consequencies\/\"]}]},{\"@type\":\"BreadcrumbList\",\"@id\":\"https:\/\/fapacastello.com\/es\/event\/consulta-sobre-la-llengua-vehicular-reflexions-i-consequencies\/#breadcrumb\",\"itemListElement\":[{\"@type\":\"ListItem\",\"position\":1,\"name\":\"Portada\",\"item\":\"http:\/\/fapacastello.com\/es\/\"},{\"@type\":\"ListItem\",\"position\":2,\"name\":\"Consulta sobre la lengua vehicular: reflexiones y consecuencias\"}]}]}<\/script>\n<!-- \/ Yoast SEO plugin. -->","yoast_head_json":{"title":"Consulta sobre la lengua vehicular: reflexiones y consecuencias","robots":{"index":"index","follow":"follow","max-snippet":"max-snippet:-1","max-image-preview":"max-image-preview:large","max-video-preview":"max-video-preview:-1"},"canonical":"https:\/\/fapacastello.com\/es\/event\/consulta-sobre-la-llengua-vehicular-reflexions-i-consequencies\/","og_locale":"es_ES","og_type":"article","og_title":"Consulta sobre la lengua vehicular: reflexiones y consecuencias","og_description":"Queridas familias, \u00bfTen\u00e9is dudas sobre la consulta sobre la lengua vehicular que comenzar\u00e1 el martes 25? Os invitamos a una charla en l\u00ednea donde reflexionaremos y analizaremos las consecuencias de esta consulta con diferentes expertos en la materia. D\u00eda:&nbsp;Lunes, 24 de febreroHora:&nbsp;19:00 hD\u00f3nde:&nbsp;En l\u00edneaAcceso:&nbsp;https:\/\/goo.su\/qyOMCMF Con la participaci\u00f3n de: Guillem Castan, miembro de STEPV Josep Albiol, presidente de la FAMPA Castell\u00f3 Penyagolosa Antoni V. Boix, profesor de la Universitat Jaume I Moderaci\u00f3n a cargo de Estela Bernad Tendr\u00e9is la oportunidad de resolver dudas y conocer otras perspectivas sobre la consulta. Por favor, compartid esta informaci\u00f3n con vuestras familias asociadas. Ahora m\u00e1s que nunca, es fundamental informarnos para elegir con criterio.","og_url":"https:\/\/fapacastello.com\/es\/event\/consulta-sobre-la-llengua-vehicular-reflexions-i-consequencies\/","og_site_name":"FAMPA Castell\u00f3 Penyagolosa","article_publisher":"http:\/\/www.facebook.com\/fapa.penyagolosa","article_modified_time":"2025-02-19T10:09:19+00:00","og_image":[{"width":2000,"height":875,"url":"https:\/\/fapacastello.com\/wp-content\/uploads\/2025\/02\/BANNERS-WEB-3.jpg","type":"image\/jpeg"}],"author":"Raquel Garc\u00eda","twitter_card":"summary","twitter_site":"@FAMPACS","twitter_misc":{"Tiempo de lectura":"1 minuto"},"schema":{"@context":"https:\/\/schema.org","@graph":[{"@type":"WebSite","@id":"http:\/\/fapacastello.com\/es\/#website","url":"http:\/\/fapacastello.com\/es\/","name":"FAMPA Castell\u00f3 Penyagolosa","description":"Fapa-Castell\u00f3n Penyagolosa. Federaci\u00f3n de Asociaciones de Padres i Madres de Alumnos Provincia de Castell\u00f3n.","potentialAction":[{"@type":"SearchAction","target":{"@type":"EntryPoint","urlTemplate":"http:\/\/fapacastello.com\/es\/?s={search_term_string}"},"query-input":"required name=search_term_string"}],"inLanguage":"es"},{"@type":"ImageObject","inLanguage":"es","@id":"https:\/\/fapacastello.com\/es\/event\/consulta-sobre-la-llengua-vehicular-reflexions-i-consequencies\/#primaryimage","url":"http:\/\/fapacastello.com\/wp-content\/uploads\/2025\/02\/BANNERS-WEB-3.jpg","contentUrl":"http:\/\/fapacastello.com\/wp-content\/uploads\/2025\/02\/BANNERS-WEB-3.jpg","width":2000,"height":875},{"@type":"WebPage","@id":"https:\/\/fapacastello.com\/es\/event\/consulta-sobre-la-llengua-vehicular-reflexions-i-consequencies\/#webpage","url":"https:\/\/fapacastello.com\/es\/event\/consulta-sobre-la-llengua-vehicular-reflexions-i-consequencies\/","name":"Consulta sobre la lengua vehicular: reflexiones y consecuencias","isPartOf":{"@id":"http:\/\/fapacastello.com\/es\/#website"},"primaryImageOfPage":{"@id":"https:\/\/fapacastello.com\/es\/event\/consulta-sobre-la-llengua-vehicular-reflexions-i-consequencies\/#primaryimage"},"datePublished":"2025-02-19T10:07:39+00:00","dateModified":"2025-02-19T10:09:19+00:00","breadcrumb":{"@id":"https:\/\/fapacastello.com\/es\/event\/consulta-sobre-la-llengua-vehicular-reflexions-i-consequencies\/#breadcrumb"},"inLanguage":"es","potentialAction":[{"@type":"ReadAction","target":["https:\/\/fapacastello.com\/es\/event\/consulta-sobre-la-llengua-vehicular-reflexions-i-consequencies\/"]}]},{"@type":"BreadcrumbList","@id":"https:\/\/fapacastello.com\/es\/event\/consulta-sobre-la-llengua-vehicular-reflexions-i-consequencies\/#breadcrumb","itemListElement":[{"@type":"ListItem","position":1,"name":"Portada","item":"http:\/\/fapacastello.com\/es\/"},{"@type":"ListItem","position":2,"name":"Consulta sobre la lengua vehicular: reflexiones y consecuencias"}]}]}},"_links":{"self":[{"href":"http:\/\/fapacastello.com\/es\/wp-json\/wp\/v2\/event_listing\/13890"}],"collection":[{"href":"http:\/\/fapacastello.com\/es\/wp-json\/wp\/v2\/event_listing"}],"about":[{"href":"http:\/\/fapacastello.com\/es\/wp-json\/wp\/v2\/types\/event_listing"}],"wp:featuredmedia":[{"embeddable":true,"href":"http:\/\/fapacastello.com\/es\/wp-json\/wp\/v2\/media\/13857"}],"wp:attachment":[{"href":"http:\/\/fapacastello.com\/es\/wp-json\/wp\/v2\/media?parent=13890"}],"wp:term":[{"taxonomy":"event_listing_category","embeddable":true,"href":"http:\/\/fapacastello.com\/es\/wp-json\/wp\/v2\/event_listing_category?post=13890"},{"taxonomy":"event_listing_type","embeddable":true,"href":"http:\/\/fapacastello.com\/es\/wp-json\/wp\/v2\/event_listing_type?post=13890"}],"curies":[{"name":"wp","href":"https:\/\/api.w.org\/{rel}","templated":true}]}}