

{"id":8883,"date":"2022-11-11T13:16:21","date_gmt":"2022-11-11T12:16:21","guid":{"rendered":"http:\/\/fapacastello.com\/?post_type=event_listing&#038;p=8883\/"},"modified":"2022-11-17T09:43:05","modified_gmt":"2022-11-17T08:43:05","slug":"educacio-de-la-sexualitat-i-afectivitat-en-persones-amb-diversitat-funcional","status":"publish","type":"event_listing","link":"http:\/\/fapacastello.com\/es\/event\/educacio-de-la-sexualitat-i-afectivitat-en-persones-amb-diversitat-funcional\/","title":{"rendered":"Educaci\u00f3n de la sexualidad y afectividad en personas con diversidad funcional"},"content":{"rendered":"\n<div class=\"wp-container-3 wp-block-columns\">\n<div class=\"wp-container-1 wp-block-column\" style=\"flex-basis:33.33%\">\n<figure class=\"wp-block-image size-large\"><a href=\"https:\/\/drive.google.com\/file\/d\/1yIYFDr1fD-ajuSGjgjxJaCgWkMfOJV8J\/view?usp=share_link\"><img loading=\"lazy\" width=\"768\" height=\"1024\" src=\"http:\/\/fapacastello.com\/wp-content\/uploads\/2022\/11\/WhatsApp-Image-2022-11-16-at-09.56.48-768x1024.jpeg\" alt=\"\" class=\"wp-image-8942\" srcset=\"http:\/\/fapacastello.com\/wp-content\/uploads\/2022\/11\/WhatsApp-Image-2022-11-16-at-09.56.48-768x1024.jpeg 768w, http:\/\/fapacastello.com\/wp-content\/uploads\/2022\/11\/WhatsApp-Image-2022-11-16-at-09.56.48-225x300.jpeg 225w, http:\/\/fapacastello.com\/wp-content\/uploads\/2022\/11\/WhatsApp-Image-2022-11-16-at-09.56.48-1152x1536.jpeg 1152w, http:\/\/fapacastello.com\/wp-content\/uploads\/2022\/11\/WhatsApp-Image-2022-11-16-at-09.56.48-110x146.jpeg 110w, http:\/\/fapacastello.com\/wp-content\/uploads\/2022\/11\/WhatsApp-Image-2022-11-16-at-09.56.48-38x50.jpeg 38w, http:\/\/fapacastello.com\/wp-content\/uploads\/2022\/11\/WhatsApp-Image-2022-11-16-at-09.56.48-56x75.jpeg 56w, http:\/\/fapacastello.com\/wp-content\/uploads\/2022\/11\/WhatsApp-Image-2022-11-16-at-09.56.48-300x400.jpeg 300w, http:\/\/fapacastello.com\/wp-content\/uploads\/2022\/11\/WhatsApp-Image-2022-11-16-at-09.56.48.jpeg 1200w\" sizes=\"(max-width: 768px) 100vw, 768px\" \/><\/a><\/figure>\n<\/div>\n\n\n\n<div class=\"wp-container-2 wp-block-column\" style=\"flex-basis:66.66%\">\n<p>La AMPA del Colegio de Educaci\u00f3n Especial la Panderola de Villarreal, con la colaboraci\u00f3n de la FAMPA Castell\u00f3 Penyagolosa, presenta una formaci\u00f3n impartida por la m\u00e9dica y sex\u00f3loga Charo Ricart sobre la educaci\u00f3n de la sexualidad y afectividad en personas con diversidad funcional.<\/p>\n\n\n\n<p>La formaci\u00f3n pretende ofrecer herramientas para secundar, favorecer y ayudar al desarrollo sexual afectivo de las personas con diversidad funcional.<\/p>\n\n\n\n<p><img loading=\"lazy\" height=\"16\" width=\"16\" alt=\"\ud83d\udcc6\" src=\"https:\/\/static.xx.fbcdn.net\/images\/emoji.php\/v9\/tff\/1\/16\/1f4c6.png\"> 3 de diciembre de 9 h a 14 h<\/p>\n\n\n\n<p><img loading=\"lazy\" height=\"16\" width=\"16\" alt=\"\ud83d\udccd\" src=\"https:\/\/static.xx.fbcdn.net\/images\/emoji.php\/v9\/t2d\/1\/16\/1f4cd.png\"> Sal\u00f3n de actos Caixa Rural de Villarreal<\/p>\n\n\n\n<p><img loading=\"lazy\" height=\"16\" width=\"16\" src=\"https:\/\/static.xx.fbcdn.net\/images\/emoji.php\/v9\/tcc\/1\/16\/1f4dd.png\" alt=\"\ud83d\udcdd\"> Inscripci\u00f3n hasta al 29 de noviembre: <a href=\"https:\/\/forms.gle\/d8t9tLh3i3TpB8aSA?fbclid=IwAR2JffGsFwWlBSxrMOEOjxG_x7bdxpE_U-RUMbdQRHDQJ2XWvshZ0_GINkw\" target=\"_blank\" rel=\"noreferrer noopener\">https:\/\/forms.gle\/d8t9tLh3i3TpB8aSA<\/a><\/p>\n<\/div>\n<\/div>\n\n\n\n<p>Programaci\u00f3n:<\/p>\n\n\n\n<p><strong>9 h<\/strong> &#8211; Recepci\u00f3n.<\/p>\n\n\n\n<p><strong>9.20 h<\/strong> &#8211; Presentaci\u00f3n a cargo de M\u00aa Am\u00e8lia Flor\u00e8ncia Yag\u00fce, directora del CEE la Panderola de Villarreal.<\/p>\n\n\n\n<p><strong>9.30 h<\/strong> &#8211; Presentaci\u00f3n de la ponente Charo Ricart.<\/p>\n\n\n\n<p><strong>9.40 h<\/strong> &#8211; Ponencia: De qu\u00e9 estamos hablando cuando hablamos de sexualidad. <\/p>\n\n\n\n<p><strong>10.10 h<\/strong> &#8211; Ponencia: Sexualidad en la diversidad funcional intelectual. Abordaje de las necesidades reales en las diferentes fases del desarrollo.<\/p>\n\n\n\n<p><strong>11.10 h<\/strong> &#8211; Descanso: Caf\u00e9 y dulces.<\/p>\n\n\n\n<p><strong>11.40 h<\/strong> &#8211; Ponencia: Herramientas b\u00e1sicas para conocer i abordar las necesidades de nuestros hijos e hijas.<\/p>\n\n\n\n<p><strong>12.20 h<\/strong> -Ponencia: Recursos existentes para abordar la realidad sexual de nuestros hijos e hijas.<\/p>\n\n\n\n<p><strong>12.40 h<\/strong> &#8211; Sugerencias, preguntas y propuestas de las familias.<\/p>\n\n\n\n<p><strong>13.20 h<\/strong> &#8211; Despedida.<\/p>\n","protected":false},"featured_media":8978,"template":"","meta":[],"event_listing_category":[],"event_listing_type":[],"yoast_head":"<!-- This site is optimized with the Yoast SEO plugin v19.2 - https:\/\/yoast.com\/wordpress\/plugins\/seo\/ -->\n<title>Educaci\u00f3n de la sexualidad y afectividad en personas con diversidad funcional<\/title>\n<meta name=\"description\" content=\"Formaci\u00f3n impartida por la m\u00e9dica y sex\u00f3loga Charo Ricart para ayudar al desarrollo sexual afectivo de las personas con diversidad funcional.\" \/>\n<meta name=\"robots\" content=\"index, follow, max-snippet:-1, max-image-preview:large, max-video-preview:-1\" \/>\n<link rel=\"canonical\" href=\"https:\/\/fapacastello.com\/es\/event\/educacio-de-la-sexualitat-i-afectivitat-en-persones-amb-diversitat-funcional\/\" \/>\n<meta property=\"og:locale\" content=\"es_ES\" \/>\n<meta property=\"og:type\" content=\"article\" \/>\n<meta property=\"og:title\" content=\"Educaci\u00f3n de la sexualidad y afectividad en personas con diversidad funcional\" \/>\n<meta property=\"og:description\" content=\"Formaci\u00f3n impartida por la m\u00e9dica y sex\u00f3loga Charo Ricart para ayudar al desarrollo sexual afectivo de las personas con diversidad funcional.\" \/>\n<meta property=\"og:url\" content=\"https:\/\/fapacastello.com\/es\/event\/educacio-de-la-sexualitat-i-afectivitat-en-persones-amb-diversitat-funcional\/\" \/>\n<meta property=\"og:site_name\" content=\"FAMPA Castell\u00f3 Penyagolosa\" \/>\n<meta property=\"article:publisher\" content=\"http:\/\/www.facebook.com\/fapa.penyagolosa\" \/>\n<meta property=\"article:modified_time\" content=\"2022-11-17T08:43:05+00:00\" \/>\n<meta property=\"og:image\" content=\"https:\/\/fapacastello.com\/wp-content\/uploads\/2022\/11\/2.png\" \/>\n\t<meta property=\"og:image:width\" content=\"2000\" \/>\n\t<meta property=\"og:image:height\" content=\"875\" \/>\n\t<meta property=\"og:image:type\" content=\"image\/png\" \/>\n<meta name=\"author\" content=\"Raquel Garc\u00eda\" \/>\n<meta name=\"twitter:card\" content=\"summary\" \/>\n<meta name=\"twitter:site\" content=\"@FAMPACS\" \/>\n<meta name=\"twitter:label1\" content=\"Tiempo de lectura\" \/>\n\t<meta name=\"twitter:data1\" content=\"2 minutos\" \/>\n<script type=\"application\/ld+json\" class=\"yoast-schema-graph\">{\"@context\":\"https:\/\/schema.org\",\"@graph\":[{\"@type\":\"WebSite\",\"@id\":\"http:\/\/fapacastello.com\/es\/#website\",\"url\":\"http:\/\/fapacastello.com\/es\/\",\"name\":\"FAMPA Castell\u00f3 Penyagolosa\",\"description\":\"Fapa-Castell\u00f3n Penyagolosa. Federaci\u00f3n de Asociaciones de Padres i Madres de Alumnos Provincia de Castell\u00f3n.\",\"potentialAction\":[{\"@type\":\"SearchAction\",\"target\":{\"@type\":\"EntryPoint\",\"urlTemplate\":\"http:\/\/fapacastello.com\/es\/?s={search_term_string}\"},\"query-input\":\"required name=search_term_string\"}],\"inLanguage\":\"es\"},{\"@type\":\"ImageObject\",\"inLanguage\":\"es\",\"@id\":\"https:\/\/fapacastello.com\/es\/event\/educacio-de-la-sexualitat-i-afectivitat-en-persones-amb-diversitat-funcional\/#primaryimage\",\"url\":\"http:\/\/fapacastello.com\/wp-content\/uploads\/2022\/11\/2.png\",\"contentUrl\":\"http:\/\/fapacastello.com\/wp-content\/uploads\/2022\/11\/2.png\",\"width\":2000,\"height\":875},{\"@type\":\"WebPage\",\"@id\":\"https:\/\/fapacastello.com\/es\/event\/educacio-de-la-sexualitat-i-afectivitat-en-persones-amb-diversitat-funcional\/#webpage\",\"url\":\"https:\/\/fapacastello.com\/es\/event\/educacio-de-la-sexualitat-i-afectivitat-en-persones-amb-diversitat-funcional\/\",\"name\":\"Educaci\u00f3n de la sexualidad y afectividad en personas con diversidad funcional\",\"isPartOf\":{\"@id\":\"http:\/\/fapacastello.com\/es\/#website\"},\"primaryImageOfPage\":{\"@id\":\"https:\/\/fapacastello.com\/es\/event\/educacio-de-la-sexualitat-i-afectivitat-en-persones-amb-diversitat-funcional\/#primaryimage\"},\"datePublished\":\"2022-11-11T12:16:21+00:00\",\"dateModified\":\"2022-11-17T08:43:05+00:00\",\"description\":\"Formaci\u00f3n impartida por la m\u00e9dica y sex\u00f3loga Charo Ricart para ayudar al desarrollo sexual afectivo de las personas con diversidad funcional.\",\"breadcrumb\":{\"@id\":\"https:\/\/fapacastello.com\/es\/event\/educacio-de-la-sexualitat-i-afectivitat-en-persones-amb-diversitat-funcional\/#breadcrumb\"},\"inLanguage\":\"es\",\"potentialAction\":[{\"@type\":\"ReadAction\",\"target\":[\"https:\/\/fapacastello.com\/es\/event\/educacio-de-la-sexualitat-i-afectivitat-en-persones-amb-diversitat-funcional\/\"]}]},{\"@type\":\"BreadcrumbList\",\"@id\":\"https:\/\/fapacastello.com\/es\/event\/educacio-de-la-sexualitat-i-afectivitat-en-persones-amb-diversitat-funcional\/#breadcrumb\",\"itemListElement\":[{\"@type\":\"ListItem\",\"position\":1,\"name\":\"Portada\",\"item\":\"http:\/\/fapacastello.com\/es\/\"},{\"@type\":\"ListItem\",\"position\":2,\"name\":\"Educaci\u00f3n de la sexualidad y afectividad en personas con diversidad funcional\"}]}]}<\/script>\n<!-- \/ Yoast SEO plugin. -->","yoast_head_json":{"title":"Educaci\u00f3n de la sexualidad y afectividad en personas con diversidad funcional","description":"Formaci\u00f3n impartida por la m\u00e9dica y sex\u00f3loga Charo Ricart para ayudar al desarrollo sexual afectivo de las personas con diversidad funcional.","robots":{"index":"index","follow":"follow","max-snippet":"max-snippet:-1","max-image-preview":"max-image-preview:large","max-video-preview":"max-video-preview:-1"},"canonical":"https:\/\/fapacastello.com\/es\/event\/educacio-de-la-sexualitat-i-afectivitat-en-persones-amb-diversitat-funcional\/","og_locale":"es_ES","og_type":"article","og_title":"Educaci\u00f3n de la sexualidad y afectividad en personas con diversidad funcional","og_description":"Formaci\u00f3n impartida por la m\u00e9dica y sex\u00f3loga Charo Ricart para ayudar al desarrollo sexual afectivo de las personas con diversidad funcional.","og_url":"https:\/\/fapacastello.com\/es\/event\/educacio-de-la-sexualitat-i-afectivitat-en-persones-amb-diversitat-funcional\/","og_site_name":"FAMPA Castell\u00f3 Penyagolosa","article_publisher":"http:\/\/www.facebook.com\/fapa.penyagolosa","article_modified_time":"2022-11-17T08:43:05+00:00","og_image":[{"width":2000,"height":875,"url":"https:\/\/fapacastello.com\/wp-content\/uploads\/2022\/11\/2.png","type":"image\/png"}],"author":"Raquel Garc\u00eda","twitter_card":"summary","twitter_site":"@FAMPACS","twitter_misc":{"Tiempo de lectura":"2 minutos"},"schema":{"@context":"https:\/\/schema.org","@graph":[{"@type":"WebSite","@id":"http:\/\/fapacastello.com\/es\/#website","url":"http:\/\/fapacastello.com\/es\/","name":"FAMPA Castell\u00f3 Penyagolosa","description":"Fapa-Castell\u00f3n Penyagolosa. Federaci\u00f3n de Asociaciones de Padres i Madres de Alumnos Provincia de Castell\u00f3n.","potentialAction":[{"@type":"SearchAction","target":{"@type":"EntryPoint","urlTemplate":"http:\/\/fapacastello.com\/es\/?s={search_term_string}"},"query-input":"required name=search_term_string"}],"inLanguage":"es"},{"@type":"ImageObject","inLanguage":"es","@id":"https:\/\/fapacastello.com\/es\/event\/educacio-de-la-sexualitat-i-afectivitat-en-persones-amb-diversitat-funcional\/#primaryimage","url":"http:\/\/fapacastello.com\/wp-content\/uploads\/2022\/11\/2.png","contentUrl":"http:\/\/fapacastello.com\/wp-content\/uploads\/2022\/11\/2.png","width":2000,"height":875},{"@type":"WebPage","@id":"https:\/\/fapacastello.com\/es\/event\/educacio-de-la-sexualitat-i-afectivitat-en-persones-amb-diversitat-funcional\/#webpage","url":"https:\/\/fapacastello.com\/es\/event\/educacio-de-la-sexualitat-i-afectivitat-en-persones-amb-diversitat-funcional\/","name":"Educaci\u00f3n de la sexualidad y afectividad en personas con diversidad funcional","isPartOf":{"@id":"http:\/\/fapacastello.com\/es\/#website"},"primaryImageOfPage":{"@id":"https:\/\/fapacastello.com\/es\/event\/educacio-de-la-sexualitat-i-afectivitat-en-persones-amb-diversitat-funcional\/#primaryimage"},"datePublished":"2022-11-11T12:16:21+00:00","dateModified":"2022-11-17T08:43:05+00:00","description":"Formaci\u00f3n impartida por la m\u00e9dica y sex\u00f3loga Charo Ricart para ayudar al desarrollo sexual afectivo de las personas con diversidad funcional.","breadcrumb":{"@id":"https:\/\/fapacastello.com\/es\/event\/educacio-de-la-sexualitat-i-afectivitat-en-persones-amb-diversitat-funcional\/#breadcrumb"},"inLanguage":"es","potentialAction":[{"@type":"ReadAction","target":["https:\/\/fapacastello.com\/es\/event\/educacio-de-la-sexualitat-i-afectivitat-en-persones-amb-diversitat-funcional\/"]}]},{"@type":"BreadcrumbList","@id":"https:\/\/fapacastello.com\/es\/event\/educacio-de-la-sexualitat-i-afectivitat-en-persones-amb-diversitat-funcional\/#breadcrumb","itemListElement":[{"@type":"ListItem","position":1,"name":"Portada","item":"http:\/\/fapacastello.com\/es\/"},{"@type":"ListItem","position":2,"name":"Educaci\u00f3n de la sexualidad y afectividad en personas con diversidad funcional"}]}]}},"_links":{"self":[{"href":"http:\/\/fapacastello.com\/es\/wp-json\/wp\/v2\/event_listing\/8883"}],"collection":[{"href":"http:\/\/fapacastello.com\/es\/wp-json\/wp\/v2\/event_listing"}],"about":[{"href":"http:\/\/fapacastello.com\/es\/wp-json\/wp\/v2\/types\/event_listing"}],"wp:featuredmedia":[{"embeddable":true,"href":"http:\/\/fapacastello.com\/es\/wp-json\/wp\/v2\/media\/8978"}],"wp:attachment":[{"href":"http:\/\/fapacastello.com\/es\/wp-json\/wp\/v2\/media?parent=8883"}],"wp:term":[{"taxonomy":"event_listing_category","embeddable":true,"href":"http:\/\/fapacastello.com\/es\/wp-json\/wp\/v2\/event_listing_category?post=8883"},{"taxonomy":"event_listing_type","embeddable":true,"href":"http:\/\/fapacastello.com\/es\/wp-json\/wp\/v2\/event_listing_type?post=8883"}],"curies":[{"name":"wp","href":"https:\/\/api.w.org\/{rel}","templated":true}]}}