

{"id":9238,"date":"2022-12-12T11:54:17","date_gmt":"2022-12-12T10:54:17","guid":{"rendered":"http:\/\/fapacastello.com\/?post_type=event_listing&#038;p=9238\/"},"modified":"2023-01-11T19:36:49","modified_gmt":"2023-01-11T18:36:49","slug":"la-familia-phygital-como-educar-sin-prohibir","status":"publish","type":"event_listing","link":"http:\/\/fapacastello.com\/es\/event\/la-familia-phygital-como-educar-sin-prohibir\/","title":{"rendered":"La familia phygital: c\u00f3mo educar sin prohibir"},"content":{"rendered":"\n<p>Formaci\u00f3n \u00abLa familia phygital: como educar sin prohibir\u00bb s\u00e1bado 14 de enero de 10 h a 12 h en el Museo de Bellas Artes de Castell\u00f3. Dirigida a familias de ni\u00f1os y ni\u00f1as de primaria. Contar\u00e1 con una ludoteca para todos aquellos y aquellas que lo necesiten. Se podr\u00e1 realizar la inscripci\u00f3n hasta el mi\u00e9rcoles 11 de enero a trav\u00e9s de este enlace: <a href=\"https:\/\/forms.gle\/8sQv75P9Dd9dzUKh9\">https:\/\/forms.gle\/8sQv75P9Dd9dzUKh9<\/a><\/p>\n\n\n\n<p><a href=\"http:\/\/fapacastello.com\/2022\/12\/12\/la-familia-phygital-com-educar-sense-prohibir\/?fbclid=IwAR1wQdZovNxkaXzaQxzqlQ3lFqCqD1IAa3Ax02xEmmiE_HV98wnlAqGEIy8\">M\u00e1s informaci\u00f3n<\/a><\/p>\n","protected":false},"featured_media":9222,"template":"","meta":[],"event_listing_category":[],"event_listing_type":[],"yoast_head":"<!-- This site is optimized with the Yoast SEO plugin v19.2 - https:\/\/yoast.com\/wordpress\/plugins\/seo\/ -->\n<title>La familia phygital: c\u00f3mo educar sin prohibir<\/title>\n<meta name=\"description\" content=\"Formaci\u00f3n para familias de alumnado de primaria basada en la huella digital y en c\u00f3mo las redes sociales e internet tienen que usarse en familia.\" \/>\n<meta name=\"robots\" content=\"index, follow, max-snippet:-1, max-image-preview:large, max-video-preview:-1\" \/>\n<link rel=\"canonical\" href=\"https:\/\/fapacastello.com\/es\/event\/la-familia-phygital-como-educar-sin-prohibir\/\" \/>\n<meta property=\"og:locale\" content=\"es_ES\" \/>\n<meta property=\"og:type\" content=\"article\" \/>\n<meta property=\"og:title\" content=\"La familia phygital: c\u00f3mo educar sin prohibir\" \/>\n<meta property=\"og:description\" content=\"Formaci\u00f3n para familias de alumnado de primaria basada en la huella digital y en c\u00f3mo las redes sociales e internet tienen que usarse en familia.\" \/>\n<meta property=\"og:url\" content=\"https:\/\/fapacastello.com\/es\/event\/la-familia-phygital-como-educar-sin-prohibir\/\" \/>\n<meta property=\"og:site_name\" content=\"FAMPA Castell\u00f3 Penyagolosa\" \/>\n<meta property=\"article:publisher\" content=\"http:\/\/www.facebook.com\/fapa.penyagolosa\" \/>\n<meta property=\"article:modified_time\" content=\"2023-01-11T18:36:49+00:00\" \/>\n<meta property=\"og:image\" content=\"https:\/\/fapacastello.com\/wp-content\/uploads\/2022\/12\/BANNERS-WEB.jpg\" \/>\n\t<meta property=\"og:image:width\" content=\"2000\" \/>\n\t<meta property=\"og:image:height\" content=\"875\" \/>\n\t<meta property=\"og:image:type\" content=\"image\/jpeg\" \/>\n<meta name=\"author\" content=\"Raquel Garc\u00eda\" \/>\n<meta name=\"twitter:card\" content=\"summary\" \/>\n<meta name=\"twitter:site\" content=\"@FAMPACS\" \/>\n<meta name=\"twitter:label1\" content=\"Tiempo de lectura\" \/>\n\t<meta name=\"twitter:data1\" content=\"1 minuto\" \/>\n<script type=\"application\/ld+json\" class=\"yoast-schema-graph\">{\"@context\":\"https:\/\/schema.org\",\"@graph\":[{\"@type\":\"WebSite\",\"@id\":\"http:\/\/fapacastello.com\/es\/#website\",\"url\":\"http:\/\/fapacastello.com\/es\/\",\"name\":\"FAMPA Castell\u00f3 Penyagolosa\",\"description\":\"Fapa-Castell\u00f3n Penyagolosa. Federaci\u00f3n de Asociaciones de Padres i Madres de Alumnos Provincia de Castell\u00f3n.\",\"potentialAction\":[{\"@type\":\"SearchAction\",\"target\":{\"@type\":\"EntryPoint\",\"urlTemplate\":\"http:\/\/fapacastello.com\/es\/?s={search_term_string}\"},\"query-input\":\"required name=search_term_string\"}],\"inLanguage\":\"es\"},{\"@type\":\"ImageObject\",\"inLanguage\":\"es\",\"@id\":\"https:\/\/fapacastello.com\/es\/event\/la-familia-phygital-como-educar-sin-prohibir\/#primaryimage\",\"url\":\"http:\/\/fapacastello.com\/wp-content\/uploads\/2022\/12\/BANNERS-WEB.jpg\",\"contentUrl\":\"http:\/\/fapacastello.com\/wp-content\/uploads\/2022\/12\/BANNERS-WEB.jpg\",\"width\":2000,\"height\":875},{\"@type\":\"WebPage\",\"@id\":\"https:\/\/fapacastello.com\/es\/event\/la-familia-phygital-como-educar-sin-prohibir\/#webpage\",\"url\":\"https:\/\/fapacastello.com\/es\/event\/la-familia-phygital-como-educar-sin-prohibir\/\",\"name\":\"La familia phygital: c\u00f3mo educar sin prohibir\",\"isPartOf\":{\"@id\":\"http:\/\/fapacastello.com\/es\/#website\"},\"primaryImageOfPage\":{\"@id\":\"https:\/\/fapacastello.com\/es\/event\/la-familia-phygital-como-educar-sin-prohibir\/#primaryimage\"},\"datePublished\":\"2022-12-12T10:54:17+00:00\",\"dateModified\":\"2023-01-11T18:36:49+00:00\",\"description\":\"Formaci\u00f3n para familias de alumnado de primaria basada en la huella digital y en c\u00f3mo las redes sociales e internet tienen que usarse en familia.\",\"breadcrumb\":{\"@id\":\"https:\/\/fapacastello.com\/es\/event\/la-familia-phygital-como-educar-sin-prohibir\/#breadcrumb\"},\"inLanguage\":\"es\",\"potentialAction\":[{\"@type\":\"ReadAction\",\"target\":[\"https:\/\/fapacastello.com\/es\/event\/la-familia-phygital-como-educar-sin-prohibir\/\"]}]},{\"@type\":\"BreadcrumbList\",\"@id\":\"https:\/\/fapacastello.com\/es\/event\/la-familia-phygital-como-educar-sin-prohibir\/#breadcrumb\",\"itemListElement\":[{\"@type\":\"ListItem\",\"position\":1,\"name\":\"Portada\",\"item\":\"http:\/\/fapacastello.com\/es\/\"},{\"@type\":\"ListItem\",\"position\":2,\"name\":\"La familia phygital: c\u00f3mo educar sin prohibir\"}]}]}<\/script>\n<!-- \/ Yoast SEO plugin. -->","yoast_head_json":{"title":"La familia phygital: c\u00f3mo educar sin prohibir","description":"Formaci\u00f3n para familias de alumnado de primaria basada en la huella digital y en c\u00f3mo las redes sociales e internet tienen que usarse en familia.","robots":{"index":"index","follow":"follow","max-snippet":"max-snippet:-1","max-image-preview":"max-image-preview:large","max-video-preview":"max-video-preview:-1"},"canonical":"https:\/\/fapacastello.com\/es\/event\/la-familia-phygital-como-educar-sin-prohibir\/","og_locale":"es_ES","og_type":"article","og_title":"La familia phygital: c\u00f3mo educar sin prohibir","og_description":"Formaci\u00f3n para familias de alumnado de primaria basada en la huella digital y en c\u00f3mo las redes sociales e internet tienen que usarse en familia.","og_url":"https:\/\/fapacastello.com\/es\/event\/la-familia-phygital-como-educar-sin-prohibir\/","og_site_name":"FAMPA Castell\u00f3 Penyagolosa","article_publisher":"http:\/\/www.facebook.com\/fapa.penyagolosa","article_modified_time":"2023-01-11T18:36:49+00:00","og_image":[{"width":2000,"height":875,"url":"https:\/\/fapacastello.com\/wp-content\/uploads\/2022\/12\/BANNERS-WEB.jpg","type":"image\/jpeg"}],"author":"Raquel Garc\u00eda","twitter_card":"summary","twitter_site":"@FAMPACS","twitter_misc":{"Tiempo de lectura":"1 minuto"},"schema":{"@context":"https:\/\/schema.org","@graph":[{"@type":"WebSite","@id":"http:\/\/fapacastello.com\/es\/#website","url":"http:\/\/fapacastello.com\/es\/","name":"FAMPA Castell\u00f3 Penyagolosa","description":"Fapa-Castell\u00f3n Penyagolosa. Federaci\u00f3n de Asociaciones de Padres i Madres de Alumnos Provincia de Castell\u00f3n.","potentialAction":[{"@type":"SearchAction","target":{"@type":"EntryPoint","urlTemplate":"http:\/\/fapacastello.com\/es\/?s={search_term_string}"},"query-input":"required name=search_term_string"}],"inLanguage":"es"},{"@type":"ImageObject","inLanguage":"es","@id":"https:\/\/fapacastello.com\/es\/event\/la-familia-phygital-como-educar-sin-prohibir\/#primaryimage","url":"http:\/\/fapacastello.com\/wp-content\/uploads\/2022\/12\/BANNERS-WEB.jpg","contentUrl":"http:\/\/fapacastello.com\/wp-content\/uploads\/2022\/12\/BANNERS-WEB.jpg","width":2000,"height":875},{"@type":"WebPage","@id":"https:\/\/fapacastello.com\/es\/event\/la-familia-phygital-como-educar-sin-prohibir\/#webpage","url":"https:\/\/fapacastello.com\/es\/event\/la-familia-phygital-como-educar-sin-prohibir\/","name":"La familia phygital: c\u00f3mo educar sin prohibir","isPartOf":{"@id":"http:\/\/fapacastello.com\/es\/#website"},"primaryImageOfPage":{"@id":"https:\/\/fapacastello.com\/es\/event\/la-familia-phygital-como-educar-sin-prohibir\/#primaryimage"},"datePublished":"2022-12-12T10:54:17+00:00","dateModified":"2023-01-11T18:36:49+00:00","description":"Formaci\u00f3n para familias de alumnado de primaria basada en la huella digital y en c\u00f3mo las redes sociales e internet tienen que usarse en familia.","breadcrumb":{"@id":"https:\/\/fapacastello.com\/es\/event\/la-familia-phygital-como-educar-sin-prohibir\/#breadcrumb"},"inLanguage":"es","potentialAction":[{"@type":"ReadAction","target":["https:\/\/fapacastello.com\/es\/event\/la-familia-phygital-como-educar-sin-prohibir\/"]}]},{"@type":"BreadcrumbList","@id":"https:\/\/fapacastello.com\/es\/event\/la-familia-phygital-como-educar-sin-prohibir\/#breadcrumb","itemListElement":[{"@type":"ListItem","position":1,"name":"Portada","item":"http:\/\/fapacastello.com\/es\/"},{"@type":"ListItem","position":2,"name":"La familia phygital: c\u00f3mo educar sin prohibir"}]}]}},"_links":{"self":[{"href":"http:\/\/fapacastello.com\/es\/wp-json\/wp\/v2\/event_listing\/9238"}],"collection":[{"href":"http:\/\/fapacastello.com\/es\/wp-json\/wp\/v2\/event_listing"}],"about":[{"href":"http:\/\/fapacastello.com\/es\/wp-json\/wp\/v2\/types\/event_listing"}],"wp:featuredmedia":[{"embeddable":true,"href":"http:\/\/fapacastello.com\/es\/wp-json\/wp\/v2\/media\/9222"}],"wp:attachment":[{"href":"http:\/\/fapacastello.com\/es\/wp-json\/wp\/v2\/media?parent=9238"}],"wp:term":[{"taxonomy":"event_listing_category","embeddable":true,"href":"http:\/\/fapacastello.com\/es\/wp-json\/wp\/v2\/event_listing_category?post=9238"},{"taxonomy":"event_listing_type","embeddable":true,"href":"http:\/\/fapacastello.com\/es\/wp-json\/wp\/v2\/event_listing_type?post=9238"}],"curies":[{"name":"wp","href":"https:\/\/api.w.org\/{rel}","templated":true}]}}