

{"id":14583,"date":"2025-09-17T10:41:54","date_gmt":"2025-09-17T08:41:54","guid":{"rendered":"https:\/\/fapacastello.com\/?page_id=14583\/"},"modified":"2025-09-24T11:55:46","modified_gmt":"2025-09-24T09:55:46","slug":"cursos-2-2-2","status":"publish","type":"page","link":"https:\/\/fapacastello.com\/es\/cursos-2-2-2\/","title":{"rendered":"La FAMPA te forma 2025-2026"},"content":{"rendered":"\n<figure class=\"wp-block-image size-large\"><img loading=\"lazy\" width=\"1024\" height=\"448\" src=\"https:\/\/fapacastello.com\/wp-content\/uploads\/2025\/09\/BANNERS-WEB-2-1024x448.jpg\" alt=\"\" class=\"wp-image-14594\" srcset=\"https:\/\/fapacastello.com\/wp-content\/uploads\/2025\/09\/BANNERS-WEB-2-1024x448.jpg 1024w, https:\/\/fapacastello.com\/wp-content\/uploads\/2025\/09\/BANNERS-WEB-2-300x131.jpg 300w, https:\/\/fapacastello.com\/wp-content\/uploads\/2025\/09\/BANNERS-WEB-2-768x336.jpg 768w, https:\/\/fapacastello.com\/wp-content\/uploads\/2025\/09\/BANNERS-WEB-2-1536x672.jpg 1536w, https:\/\/fapacastello.com\/wp-content\/uploads\/2025\/09\/BANNERS-WEB-2-260x114.jpg 260w, https:\/\/fapacastello.com\/wp-content\/uploads\/2025\/09\/BANNERS-WEB-2-50x22.jpg 50w, https:\/\/fapacastello.com\/wp-content\/uploads\/2025\/09\/BANNERS-WEB-2-150x66.jpg 150w, https:\/\/fapacastello.com\/wp-content\/uploads\/2025\/09\/BANNERS-WEB-2.jpg 2000w\" sizes=\"(max-width: 1024px) 100vw, 1024px\" \/><\/figure>\n\n\n\n<p>Formaciones gratuitas dirigidas a familias (padres, madres, tutores\/as) de AFA federadas. <strong>En principio, solo se podr\u00e1n elegir 2 formaciones por AFA federada<\/strong> (el programa <em>La FAMPA te Forma<\/em> se financia con las cuotas que pagan las AFA y con las subvenciones que recibe la federaci\u00f3n. Como sab\u00e9is, actualmente la situaci\u00f3n de las subvenciones es complicada y, de momento, no hay convocatorias previstas para la FAMPA. Por este motivo, seg\u00fan el presupuesto de la federaci\u00f3n de este a\u00f1o, el n\u00famero de formaciones que cada AFA podr\u00e1 solicitar podr\u00eda variar, pudiendo ser solo una o m\u00e1s de dos).<\/p>\n\n\n\n<p>Las formaciones se tendr\u00e1n que realizar <strong>de enero a mayo de 2026<\/strong>.<\/p>\n\n\n\n<p>Si vuestra AFA est\u00e1 interesada en cualquiera de ellas, rellenad este formulario: <a href=\"https:\/\/forms.gle\/XMkdsyZurmbSBiPb8\">https:\/\/forms.gle\/XMkdsyZurmbSBiPb8<\/a>.<\/p>\n\n\n\n<p>A continuaci\u00f3n os dejamos el listado de los cursos y charlas que os ofrecemos para el curso 2025-2026.<\/p>\n\n\n\n<div class=\"wp-block-file\"><object class=\"wp-block-file__embed\" data=\"https:\/\/fapacastello.com\/wp-content\/uploads\/2025\/09\/CAS-LA-FAMPA-ET-FORMA-2526.pdf\" type=\"application\/pdf\" style=\"width:100%;height:600px\" aria-label=\"Incrustado de CAS-LA-FAMPA-ET-FORMA-2526.\"><\/object><a id=\"wp-block-file--media-bed5e6cd-c284-4f78-94f1-aeb2d4ade233\" href=\"https:\/\/fapacastello.com\/wp-content\/uploads\/2025\/09\/CAS-LA-FAMPA-ET-FORMA-2526.pdf\">CAS-LA-FAMPA-ET-FORMA-2526<\/a><a href=\"https:\/\/fapacastello.com\/wp-content\/uploads\/2025\/09\/CAS-LA-FAMPA-ET-FORMA-2526.pdf\" class=\"wp-block-file__button\" download aria-describedby=\"wp-block-file--media-bed5e6cd-c284-4f78-94f1-aeb2d4ade233\">Descarga<\/a><\/div>\n\n\n\n<hr class=\"wp-block-separator has-alpha-channel-opacity is-style-dots\"\/>\n\n\n\n<h2>M\u00e1s informaci\u00f3n:<\/h2>\n\n\n\n<h4><strong>\u00bfA qui\u00e9n van dirigidas las charlas?<\/strong><\/h4>\n\n\n\n<ul><li>Las charlas est\u00e1n dise\u00f1adas para las familias del centro educativo.<\/li><li>Estas charlas no est\u00e1n dirigidas a ni\u00f1os y ni\u00f1as, excepto las actividades marcadas como \u201cmixto\u201d, a las que pueden asistir los hijos\/as.<\/li><\/ul>\n\n\n\n<h4><strong>\u00bfComo funciona el proceso de solicitud?<\/strong><\/h4>\n\n\n\n<ol><li><strong>Selecci\u00f3n de charlas<\/strong>: en principio cada AFA puede solicitar un m\u00e1ximo de <strong>dos charlas<\/strong> (dependiendo del presupuesto de la federaci\u00f3n, esto podr\u00eda variar a solo una o a m\u00e1s de dos).<\/li><li><strong>Comunicaci\u00f3n con FAMPA<\/strong>:<ul><li>Rellenad el formulario de solicitud a trav\u00e9s de este enlace: <a href=\"https:\/\/forms.gle\/XMkdsyZurmbSBiPb8\"><\/a><a href=\"https:\/\/forms.gle\/XMkdsyZurmbSBiPb8\">https:\/\/forms.gle\/XMkdsyZurmbSBiPb8<\/a>.<\/li><li>La FAMPA contactar\u00e1 con el formador\/a asignado y despu\u00e9s con vosotras para cerrar los detalles de la formaci\u00f3n.<\/li><\/ul><\/li><li><strong>Difusi\u00f3<\/strong>n:<ul><li>Una vez confirmada la charla, ser\u00e1 necesario rellenar otro formulario, que ya os facilitaremos, para que la FAMPA os realice la carteler\u00eda para la promoci\u00f3n, si lo necesit\u00e1is.<\/li><\/ul><\/li><\/ol>\n\n\n\n<h4><strong>T\u00e9rmino para solicitar las formaciones<\/strong><\/h4>\n\n\n\n<ul><li>Las charlas se realizar\u00e1n entre el 1 de enero y el 31 de mayo de 2026.<\/li><li>Se pueden solicitar desde el momento de la publicaci\u00f3n (septiembre de 2025)<\/li><\/ul>\n\n\n\n<hr class=\"wp-block-separator has-alpha-channel-opacity is-style-dots\"\/>\n\n\n\n<div class=\"wp-container-6 is-nowrap wp-block-group\">\n<div class=\"wp-container-5 is-vertical wp-block-group\">\n<div class=\"wp-container-4 wp-block-columns\">\n<div class=\"wp-container-1 wp-block-column\">\n<p style=\"font-size:17px\">Adem\u00e1s, si quer\u00e9is m\u00e1s informaci\u00f3n sobre las formaciones y los talleres, pod\u00e9is consultar el siguiente documento:<\/p>\n<\/div>\n\n\n\n<div class=\"wp-container-3 wp-block-column\">\n<div class=\"wp-container-2 is-content-justification-center wp-block-buttons\">\n<div class=\"wp-block-button\"><a class=\"wp-block-button__link has-background\" href=\"https:\/\/docs.google.com\/document\/d\/1TdXj_TpT5cSCip80dMWzKmWRs1kmvaTOWpmFVjfQagQ\/edit?usp=sharing\" style=\"background-color:#82a63c\">Informaci\u00f3n talleres y charlas<\/a><\/div>\n<\/div>\n<\/div>\n<\/div>\n<\/div>\n<\/div>\n\n\n\n<div class=\"wp-container-12 is-nowrap wp-block-group\">\n<div class=\"wp-container-11 is-vertical wp-block-group\">\n<div class=\"wp-container-10 wp-block-columns\">\n<div class=\"wp-container-7 wp-block-column\">\n<p style=\"font-size:17px\">Tambi\u00e9n pod\u00e9is ver los v\u00eddeos en los cuales los mismos formadores\/as os dan datos sobre las charlas:<\/p>\n<\/div>\n\n\n\n<div class=\"wp-container-9 wp-block-column\">\n<div class=\"wp-container-8 is-content-justification-center wp-block-buttons\">\n<div class=\"wp-block-button\"><a class=\"wp-block-button__link has-background\" href=\"https:\/\/www.youtube.com\/playlist?list=PLqCXj2IzME4i2d4HnSUAHrThZyfQ-FTnC\" style=\"background-color:#82a63c\">V\u00eddeos de los y las formadores\/as<\/a><\/div>\n<\/div>\n<\/div>\n<\/div>\n<\/div>\n<\/div>\n\n\n\n<hr class=\"wp-block-separator has-alpha-channel-opacity is-style-dots\"\/>\n\n\n\n<p class=\"has-text-align-center\"><strong>\u2709\ufe0f <\/strong><a href=\"mailto:formacion@fampacastello.org\"><strong>formacion@fampacastello.org<\/strong><\/a><\/p>\n\n\n\n<p class=\"has-text-align-center\">\ud83d\udcde <strong>656 84 14 15<\/strong><\/p>\n\n\n\n<hr class=\"wp-block-separator has-alpha-channel-opacity is-style-dots\"\/>\n\n\n\n<hr class=\"wp-block-separator has-alpha-channel-opacity is-style-wide\"\/>\n\n\n\n<hr class=\"wp-block-separator has-alpha-channel-opacity is-style-dots\"\/>\n\n\n\n<div class=\"wp-container-15 wp-block-columns\">\n<div class=\"wp-container-13 wp-block-column has-black-color has-text-color\">\n<p class=\"has-text-align-center has-black-color has-text-color\" style=\"font-size:15px\"><strong>Normas<\/strong><\/p>\n\n\n\n<ul class=\"has-black-color has-text-color has-small-font-size\"><li>En<strong> <\/strong>principio, solo se podr\u00e1n elegir <strong>2 formaciones por AFA<\/strong> federada: el programa La FAMPA te Forma se financia con las cuotas que pagan las AFA y con las subvenciones que recibe la federaci\u00f3n. Como sab\u00e9is, actualmente la situaci\u00f3n de las subvenciones es complicada y, de momento, no hay convocatorias previstas para la FAMPA. Por este motivo, seg\u00fan el presupuesto de la federaci\u00f3n de este a\u00f1o, el n\u00famero de formaciones que cada AFA podr\u00e1 solicitar podr\u00eda variar, pudiendo ser solo una o m\u00e1s de dos.<\/li><li>Todas las formaciones ser\u00e1n <strong>impartidas por los formadores de la FAMPA Castell\u00f3 Penyagolosa<\/strong>, y se realizar\u00e1n seg\u00fan el orden de llegada de las solicitudes.<\/li><li><strong>Las AFA<\/strong> solicitantes <strong>se encargar\u00e1n de la organizaci\u00f3n<\/strong> de la charla o jornada y deber\u00e1n entregar (antes de la realizaci\u00f3n de la charla) el certificado del centro educativo donde se realiza la formaci\u00f3n o el taller (original, firmado por el director y el secretario del centro con el sello del mismo).<\/li><li>Las charlas que se realizar\u00e1n durante el a\u00f1o educativo ser\u00e1n las aprobadas en los proyectos de actividades de la Confederaci\u00f3n Gonzalo Anaya y FAMPA Castell\u00f3 Penyagolosa, ambos aprobados por sus asambleas, y podr\u00e1n llevarse a cabo en d\u00edas laborables y en horarios que favorezcan la mayor asistencia posible de padres y madres.<\/li><\/ul>\n<\/div>\n\n\n\n<div class=\"wp-container-14 wp-block-column has-black-color has-text-color\">\n<p class=\"has-text-align-center has-black-color has-text-color\" style=\"font-size:15px\"><strong>M\u00e1s informaci\u00f3n<\/strong><\/p>\n\n\n\n<ul class=\"has-black-color has-text-color has-small-font-size\"><li>El objetivo es que las charlas lleguen al mayor n\u00famero posible de padres, madres o tutores\/as. Para garantizarlo, se establecer\u00e1 un sistema Inter-AFA.<\/li><\/ul>\n\n\n\n<ul class=\"has-black-color has-text-color has-small-font-size\"><li>Los formadores\/as se encargar\u00e1n de llevar a cabo el control de asistencia mediante un formato de asistencia est\u00e1ndar, que contenga nombre y apellidos del asistente, AFA y localidad.<\/li><\/ul>\n<\/div>\n<\/div>\n","protected":false},"excerpt":{"rendered":"<p>Formaciones gratuitas dirigidas a familias (padres, madres, tutores\/as) de AFA federadas. En principio, solo se podr\u00e1n elegir 2 formaciones por AFA federada (el programa La FAMPA te Forma se financia con las cuotas que pagan las AFA y con las subvenciones que recibe la federaci\u00f3n. Como sab\u00e9is, actualmente la situaci\u00f3n de las subvenciones es complicada y, de momento, no hay convocatorias previstas para la FAMPA. Por este motivo, seg\u00fan el presupuesto de la federaci\u00f3n de este a\u00f1o, el n\u00famero de formaciones que cada AFA podr\u00e1 solicitar podr\u00eda variar, pudiendo ser solo una o m\u00e1s de dos). Las formaciones se tendr\u00e1n que realizar de enero a mayo de 2026. Si vuestra AFA est\u00e1 interesada en cualquiera de ellas, rellenad este formulario: https:\/\/forms.gle\/XMkdsyZurmbSBiPb8. A continuaci\u00f3n os dejamos el listado de los cursos y charlas que os ofrecemos para el curso 2025-2026. M\u00e1s informaci\u00f3n: \u00bfA qui\u00e9n van dirigidas las charlas? Las charlas est\u00e1n dise\u00f1adas para las familias del centro educativo. Estas charlas no est\u00e1n dirigidas a ni\u00f1os y ni\u00f1as, excepto las actividades marcadas como \u201cmixto\u201d, a las que pueden asistir los hijos\/as. \u00bfComo funciona el proceso de solicitud? Selecci\u00f3n de charlas: en principio cada AFA puede solicitar un m\u00e1ximo de dos charlas (dependiendo [&hellip;]<\/p>\n","protected":false},"author":10,"featured_media":0,"parent":0,"menu_order":0,"comment_status":"closed","ping_status":"closed","template":"","meta":[],"yoast_head":"<!-- This site is optimized with the Yoast SEO plugin v19.2 - https:\/\/yoast.com\/wordpress\/plugins\/seo\/ -->\n<title>La FAMPA te forma 2025-2026 | FAMPA Castell\u00f3 Penyagolosa<\/title>\n<meta name=\"description\" content=\"Xerrades i tallers gratu\u00efts adre\u00e7ades a fam\u00edlies (pares, mares, tutors\/es) d&#039;AMPA federades. Curs 2023-2024.\" \/>\n<meta name=\"robots\" content=\"index, follow, max-snippet:-1, max-image-preview:large, max-video-preview:-1\" \/>\n<link rel=\"canonical\" href=\"http:\/\/fapacastello.com\/es\/cursos-2-2-2\/\" \/>\n<meta property=\"og:locale\" content=\"es_ES\" \/>\n<meta property=\"og:type\" content=\"article\" \/>\n<meta property=\"og:title\" content=\"La FAMPA te forma 2025-2026 | FAMPA Castell\u00f3 Penyagolosa\" \/>\n<meta property=\"og:description\" content=\"Xerrades i tallers gratu\u00efts adre\u00e7ades a fam\u00edlies (pares, mares, tutors\/es) d&#039;AMPA federades. Curs 2023-2024.\" \/>\n<meta property=\"og:url\" content=\"http:\/\/fapacastello.com\/es\/cursos-2-2-2\/\" \/>\n<meta property=\"og:site_name\" content=\"FAMPA Castell\u00f3 Penyagolosa\" \/>\n<meta property=\"article:publisher\" content=\"http:\/\/www.facebook.com\/fapa.penyagolosa\" \/>\n<meta property=\"article:modified_time\" content=\"2025-09-24T09:55:46+00:00\" \/>\n<meta property=\"og:image\" content=\"https:\/\/fapacastello.com\/wp-content\/uploads\/2025\/09\/BANNERS-WEB-2-1024x448.jpg\" \/>\n<meta name=\"author\" content=\"Raquel Garc\u00eda\" \/>\n<meta name=\"twitter:card\" content=\"summary\" \/>\n<meta name=\"twitter:site\" content=\"@FAMPACS\" \/>\n<meta name=\"twitter:label1\" content=\"Tiempo de lectura\" \/>\n\t<meta name=\"twitter:data1\" content=\"4 minutos\" \/>\n<script type=\"application\/ld+json\" class=\"yoast-schema-graph\">{\"@context\":\"https:\/\/schema.org\",\"@graph\":[{\"@type\":\"WebSite\",\"@id\":\"http:\/\/fapacastello.com\/#website\",\"url\":\"http:\/\/fapacastello.com\/\",\"name\":\"FAMPA Castell\u00f3 Penyagolosa\",\"description\":\"Fapa-Castell\u00f3n Penyagolosa. Federaci\u00f3n de Asociaciones de Padres i Madres de Alumnos Provincia de Castell\u00f3n.\",\"potentialAction\":[{\"@type\":\"SearchAction\",\"target\":{\"@type\":\"EntryPoint\",\"urlTemplate\":\"http:\/\/fapacastello.com\/?s={search_term_string}\"},\"query-input\":\"required name=search_term_string\"}],\"inLanguage\":\"es\"},{\"@type\":\"ImageObject\",\"inLanguage\":\"es\",\"@id\":\"http:\/\/fapacastello.com\/es\/cursos-2-2-2\/#primaryimage\",\"url\":\"https:\/\/fapacastello.com\/wp-content\/uploads\/2025\/09\/BANNERS-WEB-2-1024x448.jpg\",\"contentUrl\":\"https:\/\/fapacastello.com\/wp-content\/uploads\/2025\/09\/BANNERS-WEB-2-1024x448.jpg\"},{\"@type\":\"WebPage\",\"@id\":\"http:\/\/fapacastello.com\/es\/cursos-2-2-2\/#webpage\",\"url\":\"http:\/\/fapacastello.com\/es\/cursos-2-2-2\/\",\"name\":\"La FAMPA te forma 2025-2026 | FAMPA Castell\u00f3 Penyagolosa\",\"isPartOf\":{\"@id\":\"http:\/\/fapacastello.com\/#website\"},\"primaryImageOfPage\":{\"@id\":\"http:\/\/fapacastello.com\/es\/cursos-2-2-2\/#primaryimage\"},\"datePublished\":\"2025-09-17T08:41:54+00:00\",\"dateModified\":\"2025-09-24T09:55:46+00:00\",\"description\":\"Xerrades i tallers gratu\u00efts adre\u00e7ades a fam\u00edlies (pares, mares, tutors\/es) d'AMPA federades. Curs 2023-2024.\",\"breadcrumb\":{\"@id\":\"http:\/\/fapacastello.com\/es\/cursos-2-2-2\/#breadcrumb\"},\"inLanguage\":\"es\",\"potentialAction\":[{\"@type\":\"ReadAction\",\"target\":[\"http:\/\/fapacastello.com\/es\/cursos-2-2-2\/\"]}]},{\"@type\":\"BreadcrumbList\",\"@id\":\"http:\/\/fapacastello.com\/es\/cursos-2-2-2\/#breadcrumb\",\"itemListElement\":[{\"@type\":\"ListItem\",\"position\":1,\"name\":\"Portada\",\"item\":\"http:\/\/fapacastello.com\/es\/\"},{\"@type\":\"ListItem\",\"position\":2,\"name\":\"La FAMPA te forma 2025-2026\"}]}]}<\/script>\n<!-- \/ Yoast SEO plugin. -->","yoast_head_json":{"title":"La FAMPA te forma 2025-2026 | FAMPA Castell\u00f3 Penyagolosa","description":"Xerrades i tallers gratu\u00efts adre\u00e7ades a fam\u00edlies (pares, mares, tutors\/es) d'AMPA federades. Curs 2023-2024.","robots":{"index":"index","follow":"follow","max-snippet":"max-snippet:-1","max-image-preview":"max-image-preview:large","max-video-preview":"max-video-preview:-1"},"canonical":"http:\/\/fapacastello.com\/es\/cursos-2-2-2\/","og_locale":"es_ES","og_type":"article","og_title":"La FAMPA te forma 2025-2026 | FAMPA Castell\u00f3 Penyagolosa","og_description":"Xerrades i tallers gratu\u00efts adre\u00e7ades a fam\u00edlies (pares, mares, tutors\/es) d'AMPA federades. Curs 2023-2024.","og_url":"http:\/\/fapacastello.com\/es\/cursos-2-2-2\/","og_site_name":"FAMPA Castell\u00f3 Penyagolosa","article_publisher":"http:\/\/www.facebook.com\/fapa.penyagolosa","article_modified_time":"2025-09-24T09:55:46+00:00","og_image":[{"url":"https:\/\/fapacastello.com\/wp-content\/uploads\/2025\/09\/BANNERS-WEB-2-1024x448.jpg"}],"author":"Raquel Garc\u00eda","twitter_card":"summary","twitter_site":"@FAMPACS","twitter_misc":{"Tiempo de lectura":"4 minutos"},"schema":{"@context":"https:\/\/schema.org","@graph":[{"@type":"WebSite","@id":"http:\/\/fapacastello.com\/#website","url":"http:\/\/fapacastello.com\/","name":"FAMPA Castell\u00f3 Penyagolosa","description":"Fapa-Castell\u00f3n Penyagolosa. Federaci\u00f3n de Asociaciones de Padres i Madres de Alumnos Provincia de Castell\u00f3n.","potentialAction":[{"@type":"SearchAction","target":{"@type":"EntryPoint","urlTemplate":"http:\/\/fapacastello.com\/?s={search_term_string}"},"query-input":"required name=search_term_string"}],"inLanguage":"es"},{"@type":"ImageObject","inLanguage":"es","@id":"http:\/\/fapacastello.com\/es\/cursos-2-2-2\/#primaryimage","url":"https:\/\/fapacastello.com\/wp-content\/uploads\/2025\/09\/BANNERS-WEB-2-1024x448.jpg","contentUrl":"https:\/\/fapacastello.com\/wp-content\/uploads\/2025\/09\/BANNERS-WEB-2-1024x448.jpg"},{"@type":"WebPage","@id":"http:\/\/fapacastello.com\/es\/cursos-2-2-2\/#webpage","url":"http:\/\/fapacastello.com\/es\/cursos-2-2-2\/","name":"La FAMPA te forma 2025-2026 | FAMPA Castell\u00f3 Penyagolosa","isPartOf":{"@id":"http:\/\/fapacastello.com\/#website"},"primaryImageOfPage":{"@id":"http:\/\/fapacastello.com\/es\/cursos-2-2-2\/#primaryimage"},"datePublished":"2025-09-17T08:41:54+00:00","dateModified":"2025-09-24T09:55:46+00:00","description":"Xerrades i tallers gratu\u00efts adre\u00e7ades a fam\u00edlies (pares, mares, tutors\/es) d'AMPA federades. Curs 2023-2024.","breadcrumb":{"@id":"http:\/\/fapacastello.com\/es\/cursos-2-2-2\/#breadcrumb"},"inLanguage":"es","potentialAction":[{"@type":"ReadAction","target":["http:\/\/fapacastello.com\/es\/cursos-2-2-2\/"]}]},{"@type":"BreadcrumbList","@id":"http:\/\/fapacastello.com\/es\/cursos-2-2-2\/#breadcrumb","itemListElement":[{"@type":"ListItem","position":1,"name":"Portada","item":"http:\/\/fapacastello.com\/es\/"},{"@type":"ListItem","position":2,"name":"La FAMPA te forma 2025-2026"}]}]}},"_links":{"self":[{"href":"https:\/\/fapacastello.com\/es\/wp-json\/wp\/v2\/pages\/14583"}],"collection":[{"href":"https:\/\/fapacastello.com\/es\/wp-json\/wp\/v2\/pages"}],"about":[{"href":"https:\/\/fapacastello.com\/es\/wp-json\/wp\/v2\/types\/page"}],"author":[{"embeddable":true,"href":"https:\/\/fapacastello.com\/es\/wp-json\/wp\/v2\/users\/10"}],"replies":[{"embeddable":true,"href":"https:\/\/fapacastello.com\/es\/wp-json\/wp\/v2\/comments?post=14583"}],"version-history":[{"count":4,"href":"https:\/\/fapacastello.com\/es\/wp-json\/wp\/v2\/pages\/14583\/revisions"}],"predecessor-version":[{"id":14649,"href":"https:\/\/fapacastello.com\/es\/wp-json\/wp\/v2\/pages\/14583\/revisions\/14649"}],"wp:attachment":[{"href":"https:\/\/fapacastello.com\/es\/wp-json\/wp\/v2\/media?parent=14583"}],"curies":[{"name":"wp","href":"https:\/\/api.w.org\/{rel}","templated":true}]}}